{"id":206,"date":"2024-04-02T06:15:36","date_gmt":"2024-04-02T09:15:36","guid":{"rendered":"https:\/\/abinvi.com.br\/novo\/?page_id=206"},"modified":"2025-12-29T11:46:34","modified_gmt":"2025-12-29T14:46:34","slug":"historia","status":"publish","type":"page","link":"https:\/\/abinvi.com.br\/novo\/historia\/","title":{"rendered":"Historia"},"content":{"rendered":"\t\t<div data-elementor-type=\"wp-page\" data-elementor-id=\"206\" class=\"elementor elementor-206\" data-elementor-post-type=\"page\">\n\t\t\t\t\t\t<section class=\"elementor-section elementor-top-section elementor-element elementor-element-688fcedc elementor-section-boxed elementor-section-height-default elementor-section-height-default wpr-particle-no wpr-jarallax-no wpr-parallax-no wpr-sticky-section-no\" data-id=\"688fcedc\" data-element_type=\"section\" data-e-type=\"section\">\n\t\t\t\t\t\t<div class=\"elementor-container elementor-column-gap-default\">\n\t\t\t\t\t<div class=\"elementor-column elementor-col-50 elementor-top-column elementor-element elementor-element-3468a2ba\" data-id=\"3468a2ba\" data-element_type=\"column\" data-e-type=\"column\">\n\t\t\t<div class=\"elementor-widget-wrap elementor-element-populated\">\n\t\t\t\t\t\t<div class=\"elementor-element elementor-element-6aad01fc elementor-widget elementor-widget-heading\" data-id=\"6aad01fc\" data-element_type=\"widget\" data-e-type=\"widget\" data-widget_type=\"heading.default\">\n\t\t\t\t<div class=\"elementor-widget-container\">\n\t\t\t\t\t<h2 class=\"elementor-heading-title elementor-size-default\">Como surgiu a ABINVI?<\/h2>\t\t\t\t<\/div>\n\t\t\t\t<\/div>\n\t\t\t\t<div class=\"elementor-element elementor-element-9d7ded9 elementor-widget elementor-widget-image\" data-id=\"9d7ded9\" data-element_type=\"widget\" data-e-type=\"widget\" data-widget_type=\"image.default\">\n\t\t\t\t<div class=\"elementor-widget-container\">\n\t\t\t\t\t\t\t\t\t\t\t\t\t\t\t\t<a href=\"https:\/\/abinvi.com.br\/novo\/\">\n\t\t\t\t\t\t\t<img fetchpriority=\"high\" decoding=\"async\" width=\"800\" height=\"184\" src=\"https:\/\/abinvi.com.br\/novo\/wp-content\/uploads\/2024\/04\/abinvi_chap80_faixa-1024x235.png\" class=\"attachment-large size-large wp-image-107\" alt=\"\" srcset=\"https:\/\/abinvi.com.br\/novo\/wp-content\/uploads\/2024\/04\/abinvi_chap80_faixa-1024x235.png 1024w, https:\/\/abinvi.com.br\/novo\/wp-content\/uploads\/2024\/04\/abinvi_chap80_faixa-600x138.png 600w, https:\/\/abinvi.com.br\/novo\/wp-content\/uploads\/2024\/04\/abinvi_chap80_faixa-300x69.png 300w, https:\/\/abinvi.com.br\/novo\/wp-content\/uploads\/2024\/04\/abinvi_chap80_faixa-768x177.png 768w, https:\/\/abinvi.com.br\/novo\/wp-content\/uploads\/2024\/04\/abinvi_chap80_faixa-1536x353.png 1536w, https:\/\/abinvi.com.br\/novo\/wp-content\/uploads\/2024\/04\/abinvi_chap80_faixa-2048x471.png 2048w\" sizes=\"(max-width: 800px) 100vw, 800px\" \/>\t\t\t\t\t\t\t\t<\/a>\n\t\t\t\t\t\t\t\t\t\t\t\t\t\t\t<\/div>\n\t\t\t\t<\/div>\n\t\t\t\t<div class=\"elementor-element elementor-element-f620db6 elementor-widget elementor-widget-text-editor\" data-id=\"f620db6\" data-element_type=\"widget\" data-e-type=\"widget\" data-widget_type=\"text-editor.default\">\n\t\t\t\t<div class=\"elementor-widget-container\">\n\t\t\t\t\t\t\t\t\t<p style=\"text-align: justify;\"><strong>1. Instala\u00e7\u00e3o e in\u00edcio das atividades do CDA de Per\u00edcia de Inc\u00eandio e Explos\u00e3o no CBMES.<\/strong><\/p><p style=\"text-align: justify;\">No ano de 2010, 02 oficiais peritos do Corpo de Bombeiros Militar do Estado do Espirito Santo, o ent\u00e3o Major Scharlyston Martins de Paiva e o Cap Andr\u00e9 Pimentel Lugon decidiram criar um comit\u00ea de apaixonados pela tem\u00e1tica da investiga\u00e7\u00e3o de inc\u00eandio para avaliar melhor os trabalhos que estavam sendo desenvolvidos e consequentemente aprimorar as atividades no \u00c2mbito da Corpora\u00e7\u00e3o.<\/p><p style=\"text-align: justify;\">Desse modo, o Comit\u00ea de Desenvolvimento de Atividades de Per\u00edcia de Inc\u00eandio, ou simplesmente CDA de Per\u00edcia, como foi chamado, iniciou os trabalhos com a elabora\u00e7\u00e3o de um planejamento que partia de um diagn\u00f3stico, passando por um b<i>enchmarking<\/i> no Brasil e no Exterior.<\/p>\t\t\t\t\t\t\t\t<\/div>\n\t\t\t\t<\/div>\n\t\t\t\t\t<\/div>\n\t\t<\/div>\n\t\t\t\t<div class=\"elementor-column elementor-col-50 elementor-top-column elementor-element elementor-element-2b3938e\" data-id=\"2b3938e\" data-element_type=\"column\" data-e-type=\"column\">\n\t\t\t<div class=\"elementor-widget-wrap elementor-element-populated\">\n\t\t\t\t\t\t<section class=\"elementor-section elementor-inner-section elementor-element elementor-element-018d18c elementor-section-boxed elementor-section-height-default elementor-section-height-default wpr-particle-no wpr-jarallax-no wpr-parallax-no wpr-sticky-section-no\" data-id=\"018d18c\" data-element_type=\"section\" data-e-type=\"section\">\n\t\t\t\t\t\t<div class=\"elementor-container elementor-column-gap-default\">\n\t\t\t\t\t<div class=\"elementor-column elementor-col-100 elementor-inner-column elementor-element elementor-element-850dab5\" data-id=\"850dab5\" data-element_type=\"column\" data-e-type=\"column\">\n\t\t\t<div class=\"elementor-widget-wrap elementor-element-populated\">\n\t\t\t\t\t\t<div class=\"elementor-element elementor-element-a855aa5 elementor-widget__width-initial wpr-promo-box-style-cover elementor-invisible elementor-widget elementor-widget-wpr-promo-box\" data-id=\"a855aa5\" data-element_type=\"widget\" data-e-type=\"widget\" data-settings=\"{&quot;_animation&quot;:&quot;zoomIn&quot;}\" data-widget_type=\"wpr-promo-box.default\">\n\t\t\t\t<div class=\"elementor-widget-container\">\n\t\t\t\t\t\n\t\t<div class=\"wpr-promo-box wpr-animation-wrap\">\n\n\t\t\t\t\t\t\t\n\t\t\t\t\t\t\t<div class=\"wpr-promo-box-image\">\n\t\t\t\t\t<div class=\"wpr-promo-box-bg-image wpr-bg-anim-zoom-in wpr-anim-timing-ease-default\" style=\"background-image:url(https:\/\/abinvi.com.br\/novo\/wp-content\/uploads\/2024\/08\/abinvi-01.jpeg);\"><\/div>\n\t\t\t\t\t<div class=\"wpr-promo-box-bg-overlay wpr-border-anim-none\"><\/div>\n\t\t\t\t<\/div>\n\t\t\t\t\t\t\n\t\t\t<div class=\"wpr-promo-box-content\">\n\n\t\t\t\t\t\t\t\t<div class=\"wpr-promo-box-icon\">\n\t\t\t\t\t\t\t\t\t<\/div>\n\t\t\t\t\n\t\t\t\t\n\t\t\t\t\n\t\t\t\t\t\t\t<\/div>\n\n\t\t\t\t\t<\/div>\n\n\t\t\t\t\t\t<\/div>\n\t\t\t\t<\/div>\n\t\t\t\t<div class=\"elementor-element elementor-element-787046a elementor-widget elementor-widget-text-editor\" data-id=\"787046a\" data-element_type=\"widget\" data-e-type=\"widget\" data-widget_type=\"text-editor.default\">\n\t\t\t\t<div class=\"elementor-widget-container\">\n\t\t\t\t\t\t\t\t\t<p style=\"text-align: center;\"><span style=\"color: #000000;\"><em>Cap. Andr\u00e9 Pimentel Lugon e Capit\u00e3o Pedro Dalvi Boina em visita ao CBMDF (2012)<\/em><\/span><\/p>\t\t\t\t\t\t\t\t<\/div>\n\t\t\t\t<\/div>\n\t\t\t\t\t<\/div>\n\t\t<\/div>\n\t\t\t\t\t<\/div>\n\t\t<\/section>\n\t\t\t\t\t<\/div>\n\t\t<\/div>\n\t\t\t\t\t<\/div>\n\t\t<\/section>\n\t\t\t\t<section class=\"elementor-section elementor-top-section elementor-element elementor-element-a4c1fa1 elementor-section-boxed elementor-section-height-default elementor-section-height-default wpr-particle-no wpr-jarallax-no wpr-parallax-no wpr-sticky-section-no\" data-id=\"a4c1fa1\" data-element_type=\"section\" data-e-type=\"section\" data-settings=\"{&quot;background_background&quot;:&quot;gradient&quot;,&quot;shape_divider_top&quot;:&quot;opacity-fan&quot;}\">\n\t\t\t\t\t<div class=\"elementor-shape elementor-shape-top\" aria-hidden=\"true\" data-negative=\"false\">\n\t\t\t<svg xmlns=\"http:\/\/www.w3.org\/2000\/svg\" viewBox=\"0 0 283.5 19.6\" preserveAspectRatio=\"none\">\n\t<path class=\"elementor-shape-fill\" style=\"opacity:0.33\" d=\"M0 0L0 18.8 141.8 4.1 283.5 18.8 283.5 0z\"\/>\n\t<path class=\"elementor-shape-fill\" style=\"opacity:0.33\" d=\"M0 0L0 12.6 141.8 4 283.5 12.6 283.5 0z\"\/>\n\t<path class=\"elementor-shape-fill\" style=\"opacity:0.33\" d=\"M0 0L0 6.4 141.8 4 283.5 6.4 283.5 0z\"\/>\n\t<path class=\"elementor-shape-fill\" d=\"M0 0L0 1.2 141.8 4 283.5 1.2 283.5 0z\"\/>\n<\/svg>\t\t<\/div>\n\t\t\t\t\t<div class=\"elementor-container elementor-column-gap-default\">\n\t\t\t\t\t<div class=\"elementor-column elementor-col-100 elementor-top-column elementor-element elementor-element-10e3cc8\" data-id=\"10e3cc8\" data-element_type=\"column\" data-e-type=\"column\">\n\t\t\t<div class=\"elementor-widget-wrap elementor-element-populated\">\n\t\t\t\t\t\t<div class=\"elementor-element elementor-element-7b1a0d9 elementor-widget__width-initial elementor-widget elementor-widget-text-editor\" data-id=\"7b1a0d9\" data-element_type=\"widget\" data-e-type=\"widget\" data-widget_type=\"text-editor.default\">\n\t\t\t\t<div class=\"elementor-widget-container\">\n\t\t\t\t\t\t\t\t\t<p style=\"text-align: justify;\"><strong>2. In\u00edcio das a\u00e7\u00f5es de <i>Benchmarking<\/i> nacional e internacional sobre a tem\u00e1tica da Per\u00edcia de Inc\u00eandio e Explos\u00e3o.<\/strong><\/p><p style=\"text-align: justify;\">No ano de 2012 foi dado in\u00edcio ao projeto de benchmarking nacional e internacional a fim de adquirir conhecimentos e trazer para o CBMES o que havia de mais moderno na \u00e1rea de per\u00edcia de inc\u00eandio.<\/p><p style=\"text-align: justify;\">No Brasil foram visitados os Corpos de Bombeiros do Distrito Federal,\u00a0 Santa Catarina e\u00a0 S\u00e3o Paulo, al\u00e9m da Pol\u00edcia T\u00e9cnico-cient\u00edfica do Estado de S\u00e3o Paulo.<\/p><p style=\"text-align: justify;\">Internacionalmente foram realizadas as seguintes atividades:<\/p><p style=\"text-align: justify;\"><strong>a) Participa\u00e7\u00e3o no ISFI <i>(International Symposium of Fire Investigation Science and Technology<\/i>) na Universidade de Maryland \u2013 Nos Estados Unidos da Am\u00e9rica;<\/strong><\/p><p style=\"text-align: justify;\"><strong>b) Visita t\u00e9cnica ao <i>NY Fire Department<\/i> na Cidade de Nova York \u2013 EUA.<\/strong><\/p><p style=\"text-align: justify;\">Participaram da miss\u00e3o o Tenente-Coronel BM Alexandre dos Santos Cerqueira, o Major BM Scharlyston Martins de Paiva, o Major BM Rodrigo Nascimento Ribeiro Alves e o Capit\u00e3o BM Pedro Dalvi Boina.<\/p><p>\u00a0<\/p><p style=\"text-align: justify;\"><strong>3. Associa\u00e7\u00e3o de 03 oficiais \u00e0 IAAI (<i>International Association of Arson Investigators)<\/i>.<\/strong><\/p><p style=\"text-align: justify;\">No ano de 2013 o Tenente-Coronel BM Alexandre dos Santos Cerqueira, o Major BM Scharlyston Martins de Paiva e o Capit\u00e3o BM Andr\u00e9 Pimentel Lugon, peritos de inc\u00eandio da Corpora\u00e7\u00e3o se tornaram os primeiros oficiais do Brasil a se filiarem a Organiza\u00e7\u00e3o Internacional.<\/p><p>\u00a0<\/p>\t\t\t\t\t\t\t\t<\/div>\n\t\t\t\t<\/div>\n\t\t\t\t\t<\/div>\n\t\t<\/div>\n\t\t\t\t\t<\/div>\n\t\t<\/section>\n\t\t\t\t<section class=\"elementor-section elementor-top-section elementor-element elementor-element-84415c6 elementor-section-boxed elementor-section-height-default elementor-section-height-default wpr-particle-no wpr-jarallax-no wpr-parallax-no wpr-sticky-section-no\" data-id=\"84415c6\" data-element_type=\"section\" data-e-type=\"section\" data-settings=\"{&quot;background_background&quot;:&quot;gradient&quot;,&quot;shape_divider_bottom&quot;:&quot;opacity-fan&quot;}\">\n\t\t\t\t\t<div class=\"elementor-shape elementor-shape-bottom\" aria-hidden=\"true\" data-negative=\"false\">\n\t\t\t<svg xmlns=\"http:\/\/www.w3.org\/2000\/svg\" viewBox=\"0 0 283.5 19.6\" preserveAspectRatio=\"none\">\n\t<path class=\"elementor-shape-fill\" style=\"opacity:0.33\" d=\"M0 0L0 18.8 141.8 4.1 283.5 18.8 283.5 0z\"\/>\n\t<path class=\"elementor-shape-fill\" style=\"opacity:0.33\" d=\"M0 0L0 12.6 141.8 4 283.5 12.6 283.5 0z\"\/>\n\t<path class=\"elementor-shape-fill\" style=\"opacity:0.33\" d=\"M0 0L0 6.4 141.8 4 283.5 6.4 283.5 0z\"\/>\n\t<path class=\"elementor-shape-fill\" d=\"M0 0L0 1.2 141.8 4 283.5 1.2 283.5 0z\"\/>\n<\/svg>\t\t<\/div>\n\t\t\t\t\t<div class=\"elementor-container elementor-column-gap-default\">\n\t\t\t\t\t<div class=\"elementor-column elementor-col-50 elementor-top-column elementor-element elementor-element-2c4af68\" data-id=\"2c4af68\" data-element_type=\"column\" data-e-type=\"column\">\n\t\t\t<div class=\"elementor-widget-wrap elementor-element-populated\">\n\t\t\t\t\t\t<div class=\"elementor-element elementor-element-2011390 elementor-widget__width-initial wpr-promo-box-style-cover elementor-invisible elementor-widget elementor-widget-wpr-promo-box\" data-id=\"2011390\" data-element_type=\"widget\" data-e-type=\"widget\" data-settings=\"{&quot;_animation&quot;:&quot;zoomIn&quot;}\" data-widget_type=\"wpr-promo-box.default\">\n\t\t\t\t<div class=\"elementor-widget-container\">\n\t\t\t\t\t\n\t\t<div class=\"wpr-promo-box wpr-animation-wrap\">\n\n\t\t\t\t\t\t\t\n\t\t\t\t\t\t\t<div class=\"wpr-promo-box-image\">\n\t\t\t\t\t<div class=\"wpr-promo-box-bg-image wpr-bg-anim-zoom-in wpr-anim-timing-ease-default\" style=\"background-image:url(https:\/\/abinvi.com.br\/novo\/wp-content\/uploads\/2024\/08\/1-certificacao-internacional-scaled.jpeg);\"><\/div>\n\t\t\t\t\t<div class=\"wpr-promo-box-bg-overlay wpr-border-anim-none\"><\/div>\n\t\t\t\t<\/div>\n\t\t\t\t\t\t\n\t\t\t<div class=\"wpr-promo-box-content\">\n\n\t\t\t\t\t\t\t\t<div class=\"wpr-promo-box-icon\">\n\t\t\t\t\t\t\t\t\t<\/div>\n\t\t\t\t\n\t\t\t\t\n\t\t\t\t\n\t\t\t\t\t\t\t<\/div>\n\n\t\t\t\t\t<\/div>\n\n\t\t\t\t\t\t<\/div>\n\t\t\t\t<\/div>\n\t\t\t\t<div class=\"elementor-element elementor-element-13040f5 elementor-widget elementor-widget-text-editor\" data-id=\"13040f5\" data-element_type=\"widget\" data-e-type=\"widget\" data-widget_type=\"text-editor.default\">\n\t\t\t\t<div class=\"elementor-widget-container\">\n\t\t\t\t\t\t\t\t\t<p style=\"text-align: center;\"><span style=\"color: #000000;\"><em>Ten Cel Scharlyston Paiva e Maj Lugon recebendo a Certifica\u00e7\u00e3o IAAI-FIT das m\u00e3os do Diretor Ricardo Torres durante o ITC de Las Vegas &#8211; Nevada em 2015<\/em><\/span><\/p>\t\t\t\t\t\t\t\t<\/div>\n\t\t\t\t<\/div>\n\t\t\t\t\t<\/div>\n\t\t<\/div>\n\t\t\t\t<div class=\"elementor-column elementor-col-50 elementor-top-column elementor-element elementor-element-2843100\" data-id=\"2843100\" data-element_type=\"column\" data-e-type=\"column\" data-settings=\"{&quot;background_background&quot;:&quot;gradient&quot;}\">\n\t\t\t<div class=\"elementor-widget-wrap elementor-element-populated\">\n\t\t\t\t\t\t<div class=\"elementor-element elementor-element-5ca0987 elementor-widget elementor-widget-text-editor\" data-id=\"5ca0987\" data-element_type=\"widget\" data-e-type=\"widget\" data-widget_type=\"text-editor.default\">\n\t\t\t\t<div class=\"elementor-widget-container\">\n\t\t\t\t\t\t\t\t\t<p style=\"text-align: justify;\"><strong>4. Participa\u00e7\u00e3o na ITC (<i>International training and Conference<\/i>) na Fl\u00f3rida, nos Estados Unidos da Am\u00e9rica.<\/strong><\/p><p style=\"text-align: justify;\">Em abril de 2013 o TC Cerqueira, O Maj Paiva e o Cap Lugon, peritos de inc\u00eandio do CBMES participaram da maior Confer\u00eancia de treinamento do mundo a I<i>nternational Training and Conference<\/i> na cidade de Orlando, FL \u2013 e realizaram a visita T\u00e9cnica no <i>Orlando Bomb Squad<\/i>, Unidade especializada em Investiga\u00e7\u00e3o de Inc\u00eandio e explos\u00e3o do Corpo de Bombeiros da cidade de Orlando.<\/p><p style=\"text-align: justify;\"><strong>5. Participa\u00e7\u00e3o na ITC (<i>International training and Conference<\/i>) na Cidade de Las Vegas, no Estado de Nevada &#8211; nos Estados Unidos da Am\u00e9rica e realiza\u00e7\u00e3o do Curso \u201cFundamentals of Fire Investigation&#8221;<\/strong><\/p><p style=\"text-align: justify;\">Em maio de 2014, novamente o os tres oficiais do CBMES participaram do ITC, Dessa vez, na cidade de Las Vegas, em Nevada, \u2013 EUA e realizaram a visita T\u00e9cnica no <i>Clark County Fire Department<\/i>.<\/p><p style=\"text-align: justify;\"><strong>6. Participa\u00e7\u00e3o na ITC (International training and Conference) e visita ao <i>Chicago Fire Department<\/i> e laborat\u00f3rio UL no Estado de Illinois &#8211; nos Estados Unidos da Am\u00e9rica.<\/strong><\/p><p style=\"text-align: justify;\">Em maio de 2015 o TC Paiva e o Maj Lugon,\u00a0 participaram do ITC na cidade de Chicago, IL \u2013 EUA, fizeram parte do Curso \u201cBurn to Learn\u201d e realizaram visitas t\u00e9cnicas no C<i>hicago Fire Departament<\/i> e Laborat\u00f3rio de Pesquisas de Inc\u00eandio UL em companhia dos oficiais do Corpo de Bombeiros Militar do Distrito Federal, TC George Cajaty e MAj Thiago Jhon.<\/p><p>\u00a0<\/p>\t\t\t\t\t\t\t\t<\/div>\n\t\t\t\t<\/div>\n\t\t\t\t\t<\/div>\n\t\t<\/div>\n\t\t\t\t\t<\/div>\n\t\t<\/section>\n\t\t\t\t<section class=\"elementor-section elementor-top-section elementor-element elementor-element-8fbe63a elementor-section-boxed elementor-section-height-default elementor-section-height-default wpr-particle-no wpr-jarallax-no wpr-parallax-no wpr-sticky-section-no\" data-id=\"8fbe63a\" data-element_type=\"section\" data-e-type=\"section\" data-settings=\"{&quot;background_background&quot;:&quot;gradient&quot;,&quot;shape_divider_top&quot;:&quot;opacity-fan&quot;}\">\n\t\t\t\t\t<div class=\"elementor-shape elementor-shape-top\" aria-hidden=\"true\" data-negative=\"false\">\n\t\t\t<svg xmlns=\"http:\/\/www.w3.org\/2000\/svg\" viewBox=\"0 0 283.5 19.6\" preserveAspectRatio=\"none\">\n\t<path class=\"elementor-shape-fill\" style=\"opacity:0.33\" d=\"M0 0L0 18.8 141.8 4.1 283.5 18.8 283.5 0z\"\/>\n\t<path class=\"elementor-shape-fill\" style=\"opacity:0.33\" d=\"M0 0L0 12.6 141.8 4 283.5 12.6 283.5 0z\"\/>\n\t<path class=\"elementor-shape-fill\" style=\"opacity:0.33\" d=\"M0 0L0 6.4 141.8 4 283.5 6.4 283.5 0z\"\/>\n\t<path class=\"elementor-shape-fill\" d=\"M0 0L0 1.2 141.8 4 283.5 1.2 283.5 0z\"\/>\n<\/svg>\t\t<\/div>\n\t\t\t\t\t<div class=\"elementor-container elementor-column-gap-default\">\n\t\t\t\t\t<div class=\"elementor-column elementor-col-50 elementor-top-column elementor-element elementor-element-24d0a86\" data-id=\"24d0a86\" data-element_type=\"column\" data-e-type=\"column\">\n\t\t\t<div class=\"elementor-widget-wrap elementor-element-populated\">\n\t\t\t\t\t\t<div class=\"elementor-element elementor-element-edba968 elementor-widget__width-initial elementor-widget elementor-widget-text-editor\" data-id=\"edba968\" data-element_type=\"widget\" data-e-type=\"widget\" data-widget_type=\"text-editor.default\">\n\t\t\t\t<div class=\"elementor-widget-container\">\n\t\t\t\t\t\t\t\t\t<p style=\"text-align: justify;\"><strong>7. Certifica\u00e7\u00e3o &#8211; <i>Fire Investigation Technician <\/i>(IAAI-FIT).<\/strong><\/p><p style=\"text-align: justify;\">Ainda durante o ITC de Chicago em 2015, o TC Paiva e o Maj Lugon receberam das m\u00e3os do Diretor da IAAI Ricardo Damian Torres a Certifica\u00e7\u00e3o IAAI-FIT (<i>Fire Inestigation Technician<\/i>) ap\u00f3s a aprova\u00e7\u00e3o em exame intelectual.<\/p><p style=\"text-align: justify;\"><strong>8. Participa\u00e7\u00e3o na ITC (International training and Conference) na Fl\u00f3rida, nos Estados Unidos da Am\u00e9rica.<\/strong><\/p><p style=\"text-align: justify;\">Em 2016, no m\u00eas de abril mais uma vez houve a participa\u00e7\u00e3o no ITC do TC Paiva e do Maj Lugon, novamente na cidade de Orlando, FL \u2013 EUA e pela primeira vez os Peritos fizeram uma apresenta\u00e7\u00e3o ao <i>Board of Directors<\/i> acerca do in\u00edcio da jornada rumo a evolu\u00e7\u00e3o da Investiga\u00e7\u00e3o de Inc\u00eandio no Brasil.<\/p><p style=\"text-align: justify;\"><strong>9. Certifica\u00e7\u00e3o\u00a0 &#8211;\u00a0\u00a0<i>Certified Instructor<\/i> (IAAI-CI).<\/strong><\/p><p style=\"text-align: justify;\">No evento do ITC os Perito ainda adquiriam a segunda Certifica\u00e7\u00e3o ap\u00f3s a aprova\u00e7ao em exame intelectual.<\/p><p style=\"text-align: justify;\">A certifica\u00e7\u00e3o de Instrutor Internacional concedida pela IAAI credita ao seu detentor um excelente n\u00edvel de conhecimento intelectual e profissional, bem como habilidades como instrutor nas atividades relacionadas a inc\u00eandios, particularmente no que se refere \u00e0s investiga\u00e7\u00f5es de inc\u00eandio e explos\u00e3o e credencia o possuidor da certifica\u00e7\u00e3o a ministrar instru\u00e7\u00f5es em todo o mundo.<\/p>\t\t\t\t\t\t\t\t<\/div>\n\t\t\t\t<\/div>\n\t\t\t\t\t<\/div>\n\t\t<\/div>\n\t\t\t\t<div class=\"elementor-column elementor-col-50 elementor-top-column elementor-element elementor-element-302ecbf\" data-id=\"302ecbf\" data-element_type=\"column\" data-e-type=\"column\">\n\t\t\t<div class=\"elementor-widget-wrap elementor-element-populated\">\n\t\t\t\t\t\t<div class=\"elementor-element elementor-element-2baa9de elementor-widget__width-initial wpr-promo-box-style-cover elementor-invisible elementor-widget elementor-widget-wpr-promo-box\" data-id=\"2baa9de\" data-element_type=\"widget\" data-e-type=\"widget\" data-settings=\"{&quot;_animation&quot;:&quot;zoomIn&quot;,&quot;_animation_delay&quot;:300}\" data-widget_type=\"wpr-promo-box.default\">\n\t\t\t\t<div class=\"elementor-widget-container\">\n\t\t\t\t\t\n\t\t<div class=\"wpr-promo-box wpr-animation-wrap\">\n\n\t\t\t\t\t\t\t\n\t\t\t\t\t\t\t<div class=\"wpr-promo-box-image\">\n\t\t\t\t\t<div class=\"wpr-promo-box-bg-image wpr-bg-anim-zoom-in wpr-anim-timing-ease-default\" style=\"background-image:url(https:\/\/abinvi.com.br\/novo\/wp-content\/uploads\/2024\/08\/abinvi-03.jpeg);\"><\/div>\n\t\t\t\t\t<div class=\"wpr-promo-box-bg-overlay wpr-border-anim-none\"><\/div>\n\t\t\t\t<\/div>\n\t\t\t\t\t\t\n\t\t\t<div class=\"wpr-promo-box-content\">\n\n\t\t\t\t\t\t\t\t<div class=\"wpr-promo-box-icon\">\n\t\t\t\t\t\t\t\t\t<\/div>\n\t\t\t\t\n\t\t\t\t\n\t\t\t\t\n\t\t\t\t\t\t\t<\/div>\n\n\t\t\t\t\t<\/div>\n\n\t\t\t\t\t\t<\/div>\n\t\t\t\t<\/div>\n\t\t\t\t<div class=\"elementor-element elementor-element-431e694 elementor-widget elementor-widget-text-editor\" data-id=\"431e694\" data-element_type=\"widget\" data-e-type=\"widget\" data-widget_type=\"text-editor.default\">\n\t\t\t\t<div class=\"elementor-widget-container\">\n\t\t\t\t\t\t\t\t\t<p style=\"text-align: center;\"><span style=\"color: #000000;\"><em>Ten Cel Scharlyston Paiva e Maj Lugon recebendo a premia\u00e7\u00e3o \u201cAlward Of Recognition\u201d durante o ITC de Chicago-EUA em 2015<\/em><\/span><\/p>\t\t\t\t\t\t\t\t<\/div>\n\t\t\t\t<\/div>\n\t\t\t\t\t<\/div>\n\t\t<\/div>\n\t\t\t\t\t<\/div>\n\t\t<\/section>\n\t\t\t\t<section class=\"elementor-section elementor-top-section elementor-element elementor-element-9005640 elementor-section-boxed elementor-section-height-default elementor-section-height-default wpr-particle-no wpr-jarallax-no wpr-parallax-no wpr-sticky-section-no\" data-id=\"9005640\" data-element_type=\"section\" data-e-type=\"section\" data-settings=\"{&quot;background_background&quot;:&quot;classic&quot;}\">\n\t\t\t\t\t\t<div class=\"elementor-container elementor-column-gap-default\">\n\t\t\t\t\t<div class=\"elementor-column elementor-col-100 elementor-top-column elementor-element elementor-element-6cdf380\" data-id=\"6cdf380\" data-element_type=\"column\" data-e-type=\"column\">\n\t\t\t<div class=\"elementor-widget-wrap elementor-element-populated\">\n\t\t\t\t\t\t<div class=\"elementor-element elementor-element-2ac285a elementor-widget elementor-widget-text-editor\" data-id=\"2ac285a\" data-element_type=\"widget\" data-e-type=\"widget\" data-widget_type=\"text-editor.default\">\n\t\t\t\t<div class=\"elementor-widget-container\">\n\t\t\t\t\t\t\t\t\t<p style=\"text-align: justify;\"><strong>10. Participa\u00e7\u00e3o na ITC (International training and Conference) em Las Vegas, no Estado de Nevada &#8211; nos Estados Unidos da Am\u00e9rica e premia\u00e7\u00e3o \u201cAward of Recognition\u201d.<\/strong><\/p><p style=\"text-align: justify;\">No ano seguinte, 2017, no m\u00eas de maio, o TC Paiva, e o MajLugon,\u00a0 participaram pela 5\u00aa vez do\u00a0<i>International Training and Conference, mais uma vez<\/i>\u00a0na cidade de Las Vegas, NV \u2013 EUA e realizaram a visita T\u00e9cnica no <i>Clark County Fire Department. Na ocasi\u00e3o foi concedido o premio AWARD OF RECOGNITION <\/i>aos Investigadores de Inc\u00eandio, pelos bons servi\u00e7os prestados a comunidade de investiga\u00e7\u00e3o de inc\u00eandio mundial.<\/p>\t\t\t\t\t\t\t\t<\/div>\n\t\t\t\t<\/div>\n\t\t\t\t\t<\/div>\n\t\t<\/div>\n\t\t\t\t\t<\/div>\n\t\t<\/section>\n\t\t\t\t<section class=\"elementor-section elementor-top-section elementor-element elementor-element-75cc1e8 elementor-section-boxed elementor-section-height-default elementor-section-height-default wpr-particle-no wpr-jarallax-no wpr-parallax-no wpr-sticky-section-no\" data-id=\"75cc1e8\" data-element_type=\"section\" data-e-type=\"section\">\n\t\t\t\t\t\t<div class=\"elementor-container elementor-column-gap-default\">\n\t\t\t\t\t<div class=\"elementor-column elementor-col-50 elementor-top-column elementor-element elementor-element-592defe\" data-id=\"592defe\" data-element_type=\"column\" data-e-type=\"column\">\n\t\t\t<div class=\"elementor-widget-wrap elementor-element-populated\">\n\t\t\t\t\t\t<div class=\"elementor-element elementor-element-5781e70 elementor-widget__width-initial wpr-promo-box-style-cover elementor-invisible elementor-widget elementor-widget-wpr-promo-box\" data-id=\"5781e70\" data-element_type=\"widget\" data-e-type=\"widget\" data-settings=\"{&quot;_animation&quot;:&quot;zoomIn&quot;}\" data-widget_type=\"wpr-promo-box.default\">\n\t\t\t\t<div class=\"elementor-widget-container\">\n\t\t\t\t\t\n\t\t<div class=\"wpr-promo-box wpr-animation-wrap\">\n\n\t\t\t\t\t\t\t\n\t\t\t\t\t\t\t<div class=\"wpr-promo-box-image\">\n\t\t\t\t\t<div class=\"wpr-promo-box-bg-image wpr-bg-anim-zoom-in wpr-anim-timing-ease-default\" style=\"background-image:url(https:\/\/abinvi.com.br\/novo\/wp-content\/uploads\/2024\/04\/photo_003.png);\"><\/div>\n\t\t\t\t\t<div class=\"wpr-promo-box-bg-overlay wpr-border-anim-none\"><\/div>\n\t\t\t\t<\/div>\n\t\t\t\t\t\t\n\t\t\t<div class=\"wpr-promo-box-content\">\n\n\t\t\t\t\t\t\t\t<div class=\"wpr-promo-box-icon\">\n\t\t\t\t\t\t\t\t\t<\/div>\n\t\t\t\t\n\t\t\t\t\n\t\t\t\t\n\t\t\t\t\t\t\t<\/div>\n\n\t\t\t\t\t<\/div>\n\n\t\t\t\t\t\t<\/div>\n\t\t\t\t<\/div>\n\t\t\t\t<div class=\"elementor-element elementor-element-5ed0cb0 elementor-widget elementor-widget-text-editor\" data-id=\"5ed0cb0\" data-element_type=\"widget\" data-e-type=\"widget\" data-widget_type=\"text-editor.default\">\n\t\t\t\t<div class=\"elementor-widget-container\">\n\t\t\t\t\t\t\t\t\t<p style=\"text-align: center;\"><em><span style=\"color: #000000;\">Ten Cel Scharlyston Paiva assinando a documenta\u00e7\u00e3o de cria\u00e7\u00e3o do cap\u00edtulo 80 durante o ITC de Las Vegas &#8211; EUA em 2017.<\/span><\/em><\/p>\t\t\t\t\t\t\t\t<\/div>\n\t\t\t\t<\/div>\n\t\t\t\t\t<\/div>\n\t\t<\/div>\n\t\t\t\t<div class=\"elementor-column elementor-col-50 elementor-top-column elementor-element elementor-element-4ea3761\" data-id=\"4ea3761\" data-element_type=\"column\" data-e-type=\"column\">\n\t\t\t<div class=\"elementor-widget-wrap elementor-element-populated\">\n\t\t\t\t\t\t<div class=\"elementor-element elementor-element-e464eb4 elementor-widget__width-initial wpr-promo-box-style-cover elementor-invisible elementor-widget elementor-widget-wpr-promo-box\" data-id=\"e464eb4\" data-element_type=\"widget\" data-e-type=\"widget\" data-settings=\"{&quot;_animation&quot;:&quot;zoomIn&quot;}\" data-widget_type=\"wpr-promo-box.default\">\n\t\t\t\t<div class=\"elementor-widget-container\">\n\t\t\t\t\t\n\t\t<div class=\"wpr-promo-box wpr-animation-wrap\">\n\n\t\t\t\t\t\t\t\n\t\t\t\t\t\t\t<div class=\"wpr-promo-box-image\">\n\t\t\t\t\t<div class=\"wpr-promo-box-bg-image wpr-bg-anim-zoom-in wpr-anim-timing-ease-default\" style=\"background-image:url(https:\/\/abinvi.com.br\/novo\/wp-content\/uploads\/2024\/08\/abinvi-05.png);\"><\/div>\n\t\t\t\t\t<div class=\"wpr-promo-box-bg-overlay wpr-border-anim-none\"><\/div>\n\t\t\t\t<\/div>\n\t\t\t\t\t\t\n\t\t\t<div class=\"wpr-promo-box-content\">\n\n\t\t\t\t\t\t\t\t<div class=\"wpr-promo-box-icon\">\n\t\t\t\t\t\t\t\t\t<\/div>\n\t\t\t\t\n\t\t\t\t\n\t\t\t\t\n\t\t\t\t\t\t\t<\/div>\n\n\t\t\t\t\t<\/div>\n\n\t\t\t\t\t\t<\/div>\n\t\t\t\t<\/div>\n\t\t\t\t<div class=\"elementor-element elementor-element-aa18a02 elementor-widget elementor-widget-text-editor\" data-id=\"aa18a02\" data-element_type=\"widget\" data-e-type=\"widget\" data-widget_type=\"text-editor.default\">\n\t\t\t\t<div class=\"elementor-widget-container\">\n\t\t\t\t\t\t\t\t\t<p style=\"text-align: center;\"><em><span style=\"color: #000000;\">Lan\u00e7amento oficial do cap\u00edtulo 80 no Brasil. Cerim\u00f4nia feita do audit\u00f3rio do HPM em novembro de 2017. Na Foto, TC Paiva e Maj Lugon acompanhados do Cel D\u2019Isep, Comandante-geral do CBMES, Cel Calheira, ex-Comandante-geral e Sr Tarc\u00edsio, representante da FINDES.<\/span><\/em><\/p>\t\t\t\t\t\t\t\t<\/div>\n\t\t\t\t<\/div>\n\t\t\t\t\t<\/div>\n\t\t<\/div>\n\t\t\t\t\t<\/div>\n\t\t<\/section>\n\t\t\t\t<section class=\"elementor-section elementor-top-section elementor-element elementor-element-903c093 elementor-section-boxed elementor-section-height-default elementor-section-height-default wpr-particle-no wpr-jarallax-no wpr-parallax-no wpr-sticky-section-no\" data-id=\"903c093\" data-element_type=\"section\" data-e-type=\"section\" data-settings=\"{&quot;background_background&quot;:&quot;classic&quot;}\">\n\t\t\t\t\t\t<div class=\"elementor-container elementor-column-gap-default\">\n\t\t\t\t\t<div class=\"elementor-column elementor-col-100 elementor-top-column elementor-element elementor-element-eaa3d3e\" data-id=\"eaa3d3e\" data-element_type=\"column\" data-e-type=\"column\">\n\t\t\t<div class=\"elementor-widget-wrap elementor-element-populated\">\n\t\t\t\t\t\t<div class=\"elementor-element elementor-element-cb16436 elementor-widget elementor-widget-text-editor\" data-id=\"cb16436\" data-element_type=\"widget\" data-e-type=\"widget\" data-widget_type=\"text-editor.default\">\n\t\t\t\t<div class=\"elementor-widget-container\">\n\t\t\t\t\t\t\t\t\t<p style=\"text-align: justify;\"><strong>11. Cria\u00e7\u00e3o do Cap\u00edtulo 80 da Associa\u00e7\u00e3o Internacional de Investigadores de inc\u00eandio (IAAI) no Brasil.<\/strong><\/p><p style=\"text-align: justify;\">Finalmente, em maio de 2017, durante o ITC (International training and Conference) em Las Vegas &#8211; EUA\u00a0 foi realizada a Cerim\u00f4nia de assinatura do Contrato com a IAAI criando o Cap\u00edtulo 80 \u2013 IAAI-Brasil.<\/p><p style=\"text-align: justify;\">Posteriormente, no m\u00eas de novembro de 2017. com a presen\u00e7a de autoridades civis e tamb\u00e9m de todos os oficiais da Corpora\u00e7\u00e3o foi realizado o lan\u00e7amento da Representa\u00e7\u00e3o Brasileira na Associa\u00e7\u00e3o Internacional de Investigadores de Inc\u00eandio que teria sua sede provisoria no Centro de Atividades Tecnicas do CBMES.<\/p><p style=\"text-align: justify;\">O Cap\u00edtulo 80 \u2013 IAAI-Brasil (ABINVI) \u00e9 atualmente presidido pelo Capitao BM RR Joathan Rodrigues, Perito de Incendio\u00a0do Estado do Espirito Santo e tem como vice-presidente o Engenheiro Adriano Cirilo do Estado de Minas Gerais.<\/p><p style=\"text-align: justify;\">A franquia internacional proporciona maior acesso dos peritos de inc\u00eandio de todo o Brasil \u00e0 metodologia cient\u00edfica, \u00e0s ferramentas de pesquisa, bem como \u00e0s plataformas de capacita\u00e7\u00e3o nos padr\u00f5es internacionais, al\u00e9m de possibilitar um maior interc\u00e2mbio com investigadores de inc\u00eandio e explos\u00e3o de todo o mundo.em Las Vegas\u00a0<\/p>\t\t\t\t\t\t\t\t<\/div>\n\t\t\t\t<\/div>\n\t\t\t\t\t<\/div>\n\t\t<\/div>\n\t\t\t\t\t<\/div>\n\t\t<\/section>\n\t\t\t\t<section class=\"elementor-section elementor-top-section elementor-element elementor-element-67f18ef elementor-section-boxed elementor-section-height-default elementor-section-height-default wpr-particle-no wpr-jarallax-no wpr-parallax-no wpr-sticky-section-no\" data-id=\"67f18ef\" data-element_type=\"section\" data-e-type=\"section\" data-settings=\"{&quot;background_background&quot;:&quot;classic&quot;}\">\n\t\t\t\t\t\t<div class=\"elementor-container elementor-column-gap-default\">\n\t\t\t\t\t<div class=\"elementor-column elementor-col-100 elementor-top-column elementor-element elementor-element-1beedd7\" data-id=\"1beedd7\" data-element_type=\"column\" data-e-type=\"column\">\n\t\t\t<div class=\"elementor-widget-wrap elementor-element-populated\">\n\t\t\t\t\t\t<div class=\"elementor-element elementor-element-86e1bdf elementor-widget elementor-widget-text-editor\" data-id=\"86e1bdf\" data-element_type=\"widget\" data-e-type=\"widget\" data-widget_type=\"text-editor.default\">\n\t\t\t\t<div class=\"elementor-widget-container\">\n\t\t\t\t\t\t\t\t\t<p style=\"text-align: justify;\"><strong>12. Certifica\u00e7\u00e3o\u00a0 &#8211; <i>Certified Fire Investigator<\/i> (IAAI-CFI).<\/strong><\/p><p style=\"text-align: justify;\">A certifica\u00e7\u00e3o de melhor conceitua\u00e7\u00e3o no cen\u00e1rio mundial: <i>Certified Fire Investigator<\/i> (IAAI-CFI\u00ae) \u00e9 credenciada pelo Conselho Nacional de Qualifica\u00e7\u00f5es para Bombeiros (Pro Board) e certamente proporciona aos seus detentores a notabilidade nos conhecimentos te\u00f3ricos e pr\u00e1ticos acerca da investiga\u00e7\u00e3o de inc\u00eandio em todo o mundo.<\/p><p style=\"text-align: justify;\">Dois oficiais do CBMES, , o TC Scharlyston Martins de Paiva e o Maj Andr\u00e9 Pimentel Lugon, obtiveram \u00eaxito na prova de certifica\u00e7\u00e3o realizada no ITC que ocorreu no m\u00eas de abril de 2017 em Las Vegas no Estado de Nevada nos Estados Unidos da Am\u00e9rica.<\/p>\t\t\t\t\t\t\t\t<\/div>\n\t\t\t\t<\/div>\n\t\t\t\t\t<\/div>\n\t\t<\/div>\n\t\t\t\t\t<\/div>\n\t\t<\/section>\n\t\t\t\t<section class=\"elementor-section elementor-top-section elementor-element elementor-element-42984f64 elementor-section-boxed elementor-section-height-default elementor-section-height-default wpr-particle-no wpr-jarallax-no wpr-parallax-no wpr-sticky-section-no\" data-id=\"42984f64\" data-element_type=\"section\" data-e-type=\"section\" data-settings=\"{&quot;background_background&quot;:&quot;gradient&quot;,&quot;shape_divider_top&quot;:&quot;opacity-fan&quot;}\">\n\t\t\t\t\t<div class=\"elementor-shape elementor-shape-top\" aria-hidden=\"true\" data-negative=\"false\">\n\t\t\t<svg xmlns=\"http:\/\/www.w3.org\/2000\/svg\" viewBox=\"0 0 283.5 19.6\" preserveAspectRatio=\"none\">\n\t<path class=\"elementor-shape-fill\" style=\"opacity:0.33\" d=\"M0 0L0 18.8 141.8 4.1 283.5 18.8 283.5 0z\"\/>\n\t<path class=\"elementor-shape-fill\" style=\"opacity:0.33\" d=\"M0 0L0 12.6 141.8 4 283.5 12.6 283.5 0z\"\/>\n\t<path class=\"elementor-shape-fill\" style=\"opacity:0.33\" d=\"M0 0L0 6.4 141.8 4 283.5 6.4 283.5 0z\"\/>\n\t<path class=\"elementor-shape-fill\" d=\"M0 0L0 1.2 141.8 4 283.5 1.2 283.5 0z\"\/>\n<\/svg>\t\t<\/div>\n\t\t\t\t\t<div class=\"elementor-container elementor-column-gap-default\">\n\t\t\t\t\t<div class=\"elementor-column elementor-col-50 elementor-top-column elementor-element elementor-element-51f9776\" data-id=\"51f9776\" data-element_type=\"column\" data-e-type=\"column\">\n\t\t\t<div class=\"elementor-widget-wrap elementor-element-populated\">\n\t\t\t\t\t\t<div class=\"elementor-element elementor-element-a880e6e elementor-widget__width-initial elementor-widget elementor-widget-text-editor\" data-id=\"a880e6e\" data-element_type=\"widget\" data-e-type=\"widget\" data-widget_type=\"text-editor.default\">\n\t\t\t\t<div class=\"elementor-widget-container\">\n\t\t\t\t\t\t\t\t\t<p style=\"text-align: justify;\"><strong>13. Realiza\u00e7\u00e3o do Curso de Especializa\u00e7\u00e3o <i>lato Sensu<\/i> para forma\u00e7\u00e3o de novos oficiais investigadores de Inc\u00eandio para a Corpora\u00e7\u00e3o com nova malha curricular e nova metodologia de acordo com padr\u00f5es mundiais<\/strong><\/p><p style=\"text-align: justify;\">O Curso, realizado na cidade de Vit\u00f3ria-ES proporcionou aos novos investigadores de inc\u00eandio do CBMES e Corpora\u00e7\u00f5es co-irm\u00e3s convidaadas, conhecimentos acad\u00eamicos e t\u00e9cnico-profissionais fundamentados nos protocolos Internacionais e, ministrados por Instrutores com not\u00f3ria qualifica\u00e7\u00e3o t\u00e9cnica e doutrin\u00e1ria dentre profissionais do Corpo de Bombeiros e do quadro de professores do meio acad\u00eamico com t\u00edtulos de mestres e doutores.<\/p><p style=\"text-align: justify;\">O \u201cCurso de especializa\u00e7\u00e3o em pericia de inc\u00eandio\u201d foi realizado nos anos de 2017, 2018 e 2021 em parceria com a Escola de Servi\u00e7os P\u00fablicos (ESESP) e proporcionou a forma\u00e7\u00e3o de 120 novos investigadores de inc\u00eandio, sendo 67 do CBMES e 53 de outros Estados da Federa\u00e7\u00e3o e Institui\u00e7\u00f5es Coirm\u00e3s (01\u2013RS); (01-SC); (01-RJ); (01-MA); (02-RR); (02-PI); (31-BA); (01-MS); (02 -MT), (01-AL); (06-MG); (03 &#8211; PCES) e (01-PF\/DF).\u00a0<br \/><br \/>Atualmente, um novo Curso acontece, em formato de p\u00f3s-gradua\u00e7\u00e3o, e mais de 420h de treinamento. A Capacita\u00e7\u00e3o conta com a participa\u00e7\u00e3o de 90 alunos de todos os estados da Federa\u00e7\u00e3o e Coordena\u00e7\u00e3o do CBMES. Previs\u00e3o de t\u00e9rmino: Dezembro de 2024.<\/p>\t\t\t\t\t\t\t\t<\/div>\n\t\t\t\t<\/div>\n\t\t\t\t\t<\/div>\n\t\t<\/div>\n\t\t\t\t<div class=\"elementor-column elementor-col-50 elementor-top-column elementor-element elementor-element-14d341b7\" data-id=\"14d341b7\" data-element_type=\"column\" data-e-type=\"column\">\n\t\t\t<div class=\"elementor-widget-wrap elementor-element-populated\">\n\t\t\t\t\t\t<div class=\"elementor-element elementor-element-610cd387 elementor-widget__width-initial wpr-promo-box-style-cover elementor-invisible elementor-widget elementor-widget-wpr-promo-box\" data-id=\"610cd387\" data-element_type=\"widget\" data-e-type=\"widget\" data-settings=\"{&quot;_animation&quot;:&quot;zoomIn&quot;,&quot;_animation_delay&quot;:300}\" data-widget_type=\"wpr-promo-box.default\">\n\t\t\t\t<div class=\"elementor-widget-container\">\n\t\t\t\t\t\n\t\t<div class=\"wpr-promo-box wpr-animation-wrap\">\n\n\t\t\t\t\t\t\t\n\t\t\t\t\t\t\t<div class=\"wpr-promo-box-image\">\n\t\t\t\t\t<div class=\"wpr-promo-box-bg-image wpr-bg-anim-zoom-in wpr-anim-timing-ease-default\" style=\"background-image:url(https:\/\/abinvi.com.br\/novo\/wp-content\/uploads\/2024\/08\/abinvi-06.jpeg);\"><\/div>\n\t\t\t\t\t<div class=\"wpr-promo-box-bg-overlay wpr-border-anim-none\"><\/div>\n\t\t\t\t<\/div>\n\t\t\t\t\t\t\n\t\t\t<div class=\"wpr-promo-box-content\">\n\n\t\t\t\t\t\t\t\t<div class=\"wpr-promo-box-icon\">\n\t\t\t\t\t\t\t\t\t<\/div>\n\t\t\t\t\n\t\t\t\t\n\t\t\t\t\n\t\t\t\t\t\t\t<\/div>\n\n\t\t\t\t\t<\/div>\n\n\t\t\t\t\t\t<\/div>\n\t\t\t\t<\/div>\n\t\t\t\t<div class=\"elementor-element elementor-element-d050108 elementor-widget elementor-widget-text-editor\" data-id=\"d050108\" data-element_type=\"widget\" data-e-type=\"widget\" data-widget_type=\"text-editor.default\">\n\t\t\t\t<div class=\"elementor-widget-container\">\n\t\t\t\t\t\t\t\t\t<p style=\"text-align: center;\"><em><span style=\"color: #000000;\">Formatura do Curso de Especializa\u00e7\u00e3o em Pericia de inc\u00eandio e explos\u00e3o em dezembro de 2017.<\/span><\/em><\/p>\t\t\t\t\t\t\t\t<\/div>\n\t\t\t\t<\/div>\n\t\t\t\t\t<\/div>\n\t\t<\/div>\n\t\t\t\t\t<\/div>\n\t\t<\/section>\n\t\t\t\t<section class=\"elementor-section elementor-top-section elementor-element elementor-element-c086ab6 elementor-section-boxed elementor-section-height-default elementor-section-height-default wpr-particle-no wpr-jarallax-no wpr-parallax-no wpr-sticky-section-no\" data-id=\"c086ab6\" data-element_type=\"section\" data-e-type=\"section\" data-settings=\"{&quot;background_background&quot;:&quot;classic&quot;}\">\n\t\t\t\t\t\t<div class=\"elementor-container elementor-column-gap-default\">\n\t\t\t\t\t<div class=\"elementor-column elementor-col-100 elementor-top-column elementor-element elementor-element-c2d6c17\" data-id=\"c2d6c17\" data-element_type=\"column\" data-e-type=\"column\">\n\t\t\t<div class=\"elementor-widget-wrap elementor-element-populated\">\n\t\t\t\t\t\t<div class=\"elementor-element elementor-element-5c9cbcb elementor-widget elementor-widget-text-editor\" data-id=\"5c9cbcb\" data-element_type=\"widget\" data-e-type=\"widget\" data-widget_type=\"text-editor.default\">\n\t\t\t\t<div class=\"elementor-widget-container\">\n\t\t\t\t\t\t\t\t\t<p style=\"text-align: justify;\"><strong>14. Participa\u00e7\u00e3o na ITC (International training and Conference) no Estado do Texas &#8211; nos Estados Unidos da Am\u00e9rica<\/strong><\/p><p style=\"text-align: justify;\">Em maio de 2018 o TC\u00a0 Scharlyston Paiva e o Cap Bruno Moreira Bona, peritos de inc\u00eandio do CBMES participaram da <i>International Training and Conference<\/i> em Frisco, TX \u2013 EUA.<\/p>\t\t\t\t\t\t\t\t<\/div>\n\t\t\t\t<\/div>\n\t\t\t\t\t<\/div>\n\t\t<\/div>\n\t\t\t\t\t<\/div>\n\t\t<\/section>\n\t\t\t\t<section class=\"elementor-section elementor-top-section elementor-element elementor-element-51c9eed elementor-section-boxed elementor-section-height-default elementor-section-height-default wpr-particle-no wpr-jarallax-no wpr-parallax-no wpr-sticky-section-no\" data-id=\"51c9eed\" data-element_type=\"section\" data-e-type=\"section\">\n\t\t\t\t\t\t<div class=\"elementor-container elementor-column-gap-default\">\n\t\t\t\t\t<div class=\"elementor-column elementor-col-50 elementor-top-column elementor-element elementor-element-80c6314\" data-id=\"80c6314\" data-element_type=\"column\" data-e-type=\"column\">\n\t\t\t<div class=\"elementor-widget-wrap elementor-element-populated\">\n\t\t\t\t\t\t<div class=\"elementor-element elementor-element-e91b6c7 elementor-widget__width-initial wpr-promo-box-style-cover elementor-invisible elementor-widget elementor-widget-wpr-promo-box\" data-id=\"e91b6c7\" data-element_type=\"widget\" data-e-type=\"widget\" data-settings=\"{&quot;_animation&quot;:&quot;zoomIn&quot;}\" data-widget_type=\"wpr-promo-box.default\">\n\t\t\t\t<div class=\"elementor-widget-container\">\n\t\t\t\t\t\n\t\t<div class=\"wpr-promo-box wpr-animation-wrap\">\n\n\t\t\t\t\t\t\t\n\t\t\t\t\t\t\t<div class=\"wpr-promo-box-image\">\n\t\t\t\t\t<div class=\"wpr-promo-box-bg-image wpr-bg-anim-zoom-in wpr-anim-timing-ease-default\" style=\"background-image:url(https:\/\/abinvi.com.br\/novo\/wp-content\/uploads\/2024\/08\/abinvi-07.jpeg);\"><\/div>\n\t\t\t\t\t<div class=\"wpr-promo-box-bg-overlay wpr-border-anim-none\"><\/div>\n\t\t\t\t<\/div>\n\t\t\t\t\t\t\n\t\t\t<div class=\"wpr-promo-box-content\">\n\n\t\t\t\t\t\t\t\t<div class=\"wpr-promo-box-icon\">\n\t\t\t\t\t\t\t\t\t<\/div>\n\t\t\t\t\n\t\t\t\t\n\t\t\t\t\n\t\t\t\t\t\t\t<\/div>\n\n\t\t\t\t\t<\/div>\n\n\t\t\t\t\t\t<\/div>\n\t\t\t\t<\/div>\n\t\t\t\t<div class=\"elementor-element elementor-element-81455d2 elementor-widget elementor-widget-text-editor\" data-id=\"81455d2\" data-element_type=\"widget\" data-e-type=\"widget\" data-widget_type=\"text-editor.default\">\n\t\t\t\t<div class=\"elementor-widget-container\">\n\t\t\t\t\t\t\t\t\t<p style=\"text-align: center;\"><em><span style=\"color: #000000;\">TC Scharlyston Martins de Paiva e o Cap Bruno Moreira Bona recebendo das m\u00e3os do Diretor da IAAI Rick Jones a Certifica\u00e7\u00e3o IAAI-ECT<\/span><\/em><\/p>\t\t\t\t\t\t\t\t<\/div>\n\t\t\t\t<\/div>\n\t\t\t\t\t<\/div>\n\t\t<\/div>\n\t\t\t\t<div class=\"elementor-column elementor-col-50 elementor-top-column elementor-element elementor-element-760165c\" data-id=\"760165c\" data-element_type=\"column\" data-e-type=\"column\">\n\t\t\t<div class=\"elementor-widget-wrap elementor-element-populated\">\n\t\t\t\t\t\t<div class=\"elementor-element elementor-element-7864f2f elementor-widget elementor-widget-text-editor\" data-id=\"7864f2f\" data-element_type=\"widget\" data-e-type=\"widget\" data-widget_type=\"text-editor.default\">\n\t\t\t\t<div class=\"elementor-widget-container\">\n\t\t\t\t\t\t\t\t\t<p style=\"text-align: justify;\"><strong>15 Certifica\u00e7\u00e3o de 02 oficiais em <i>Evidence Collection Technician (<\/i>IAAI-ECT).<\/strong><\/p><p style=\"text-align: justify;\">Dentro da Programa\u00e7\u00e3o do ITC em 2018, os os peritos (TC Paiva e Cap Bona) Conquistaram a certifica\u00e7\u00e3o Certifica\u00e7\u00e3o Internacional de Tecnico em Coleta de evid\u00eancias.\u00a0<\/p><p>Essa Certifica\u00e7\u00e3o possui o objetivo de credenciar o investigador de inc\u00eandio com conhecimentos fundamentais em rela\u00e7\u00e3o aos requisitos necess\u00e1rios de desempenho e dos padr\u00f5es estabelecidos relacionados \u00e0 coleta de evid\u00eancias em locais de inc\u00eandio e explosao.<\/p><p style=\"text-align: justify;\">Para a obten\u00e7\u00e3o dessa certifica\u00e7\u00e3o, foi necess\u00e1rio que os Peritos cumprissem alguns requisitos, tais como, o fornecimento de documenta\u00e7\u00e3o sobre o cumprimento de exig\u00eancias m\u00ednimas, incluindo experi\u00eancia, treinamento e educa\u00e7\u00e3o.<\/p><p style=\"text-align: justify;\">Em seguida, foram submetidos a um exame pr\u00e1tico para a obten\u00e7\u00e3o da certifica\u00e7\u00e3o que foi composto, como j\u00e1 dito por atividades pr\u00e1ticas e orais, em l\u00edngua inglesa.<\/p><p style=\"text-align: justify;\">\u00a0<\/p><p style=\"text-align: justify;\">\u00a0<strong>16. Realiza\u00e7\u00e3o do 1\u00ba Curso de Investiga\u00e7\u00e3o de Inc\u00eandio em ve\u00edculos em parceria com a ABINVI\/Capitulo80.<\/strong><\/p><p style=\"text-align: justify;\">No M\u00eas de setembro de 2020 foi realizado em parceria com a Associa\u00e7\u00e3o Brasileira de Investigadores de Inc\u00eandio \u2013 ABINVI\/Cap\u00edtulo 80 o 1\u00b0 Curso de Investiga\u00e7\u00e3o de Inc\u00eandio em ve\u00edculos automotores. A capacita\u00e7\u00e3o contou com oficiais peritos do CBMES e do CBMRJ.<\/p>\t\t\t\t\t\t\t\t<\/div>\n\t\t\t\t<\/div>\n\t\t\t\t\t<\/div>\n\t\t<\/div>\n\t\t\t\t\t<\/div>\n\t\t<\/section>\n\t\t\t\t<section class=\"elementor-section elementor-top-section elementor-element elementor-element-ab37368 elementor-section-boxed elementor-section-height-default elementor-section-height-default wpr-particle-no wpr-jarallax-no wpr-parallax-no wpr-sticky-section-no\" data-id=\"ab37368\" data-element_type=\"section\" data-e-type=\"section\" data-settings=\"{&quot;background_background&quot;:&quot;gradient&quot;,&quot;shape_divider_top&quot;:&quot;opacity-fan&quot;}\">\n\t\t\t\t\t<div class=\"elementor-shape elementor-shape-top\" aria-hidden=\"true\" data-negative=\"false\">\n\t\t\t<svg xmlns=\"http:\/\/www.w3.org\/2000\/svg\" viewBox=\"0 0 283.5 19.6\" preserveAspectRatio=\"none\">\n\t<path class=\"elementor-shape-fill\" style=\"opacity:0.33\" d=\"M0 0L0 18.8 141.8 4.1 283.5 18.8 283.5 0z\"\/>\n\t<path class=\"elementor-shape-fill\" style=\"opacity:0.33\" d=\"M0 0L0 12.6 141.8 4 283.5 12.6 283.5 0z\"\/>\n\t<path class=\"elementor-shape-fill\" style=\"opacity:0.33\" d=\"M0 0L0 6.4 141.8 4 283.5 6.4 283.5 0z\"\/>\n\t<path class=\"elementor-shape-fill\" d=\"M0 0L0 1.2 141.8 4 283.5 1.2 283.5 0z\"\/>\n<\/svg>\t\t<\/div>\n\t\t\t\t\t<div class=\"elementor-container elementor-column-gap-default\">\n\t\t\t\t\t<div class=\"elementor-column elementor-col-100 elementor-top-column elementor-element elementor-element-ea9d3ce\" data-id=\"ea9d3ce\" data-element_type=\"column\" data-e-type=\"column\">\n\t\t\t<div class=\"elementor-widget-wrap\">\n\t\t\t\t\t\t\t<\/div>\n\t\t<\/div>\n\t\t\t\t\t<\/div>\n\t\t<\/section>\n\t\t\t\t<section class=\"elementor-section elementor-top-section elementor-element elementor-element-97f171d elementor-section-boxed elementor-section-height-default elementor-section-height-default wpr-particle-no wpr-jarallax-no wpr-parallax-no wpr-sticky-section-no\" data-id=\"97f171d\" data-element_type=\"section\" data-e-type=\"section\">\n\t\t\t\t\t\t<div class=\"elementor-container elementor-column-gap-default\">\n\t\t\t\t\t<div class=\"elementor-column elementor-col-50 elementor-top-column elementor-element elementor-element-7b8ad94\" data-id=\"7b8ad94\" data-element_type=\"column\" data-e-type=\"column\">\n\t\t\t<div class=\"elementor-widget-wrap elementor-element-populated\">\n\t\t\t\t\t\t<div class=\"elementor-element elementor-element-444f8d5 elementor-widget__width-initial wpr-promo-box-style-cover elementor-invisible elementor-widget elementor-widget-wpr-promo-box\" data-id=\"444f8d5\" data-element_type=\"widget\" data-e-type=\"widget\" data-settings=\"{&quot;_animation&quot;:&quot;zoomIn&quot;}\" data-widget_type=\"wpr-promo-box.default\">\n\t\t\t\t<div class=\"elementor-widget-container\">\n\t\t\t\t\t\n\t\t<div class=\"wpr-promo-box wpr-animation-wrap\">\n\n\t\t\t\t\t\t\t\n\t\t\t\t\t\t\t<div class=\"wpr-promo-box-image\">\n\t\t\t\t\t<div class=\"wpr-promo-box-bg-image wpr-bg-anim-zoom-in wpr-anim-timing-ease-default\" style=\"background-image:url(https:\/\/abinvi.com.br\/novo\/wp-content\/uploads\/2024\/08\/abinvi-09.jpeg);\"><\/div>\n\t\t\t\t\t<div class=\"wpr-promo-box-bg-overlay wpr-border-anim-none\"><\/div>\n\t\t\t\t<\/div>\n\t\t\t\t\t\t\n\t\t\t<div class=\"wpr-promo-box-content\">\n\n\t\t\t\t\t\t\t\t<div class=\"wpr-promo-box-icon\">\n\t\t\t\t\t\t\t\t\t<\/div>\n\t\t\t\t\n\t\t\t\t\n\t\t\t\t\n\t\t\t\t\t\t\t<\/div>\n\n\t\t\t\t\t<\/div>\n\n\t\t\t\t\t\t<\/div>\n\t\t\t\t<\/div>\n\t\t\t\t<div class=\"elementor-element elementor-element-35d6e5e elementor-widget elementor-widget-text-editor\" data-id=\"35d6e5e\" data-element_type=\"widget\" data-e-type=\"widget\" data-widget_type=\"text-editor.default\">\n\t\t\t\t<div class=\"elementor-widget-container\">\n\t\t\t\t\t\t\t\t\t<p><em><span style=\"color: #000000;\">Legenda: TC Paiva em palestra no ITC 2022 em Jacksonville.<\/span><\/em><\/p>\t\t\t\t\t\t\t\t<\/div>\n\t\t\t\t<\/div>\n\t\t\t\t\t<\/div>\n\t\t<\/div>\n\t\t\t\t<div class=\"elementor-column elementor-col-50 elementor-top-column elementor-element elementor-element-29381e2\" data-id=\"29381e2\" data-element_type=\"column\" data-e-type=\"column\">\n\t\t\t<div class=\"elementor-widget-wrap elementor-element-populated\">\n\t\t\t\t\t\t<div class=\"elementor-element elementor-element-fe53132 elementor-widget elementor-widget-text-editor\" data-id=\"fe53132\" data-element_type=\"widget\" data-e-type=\"widget\" data-widget_type=\"text-editor.default\">\n\t\t\t\t<div class=\"elementor-widget-container\">\n\t\t\t\t\t\t\t\t\t<p style=\"text-align: justify;\"><strong>17 Participa\u00e7\u00e3o na ITC (International training and Conference) no Estado da Fl\u00f3rida &#8211; nos Estados Unidos da Am\u00e9rica\u201d.<\/strong><\/p><p style=\"text-align: justify;\">Pela primeira vez, uma equipe brasileira realizou uma apresenta\u00e7\u00e3o na I<i>nternational Training an<\/i>d Conference (ITC),\u00a0<\/p><p style=\"text-align: justify;\">Cinco oficiais brasileiros investigadores de inc\u00eandio do Corpo de Bombeiros Militar do Esp\u00edrito Santo (CBMES) e membros da ABINVI participam do evento, que ocorreu em abril de 2022.<\/p><p style=\"text-align: justify;\">O Tenente-Coronel BM Scharlyston Martins de Paiva, apresentou uma palestra sobre \u201cA Evolu\u00e7\u00e3o da Investiga\u00e7\u00e3o de Inc\u00eandio no Brasil e a aplica\u00e7\u00e3o do m\u00e9todo cient\u00edfico em casos reais\u201d.<\/p><p style=\"text-align: justify;\">A ITC \u00e9 o maior e mais importante F\u00f3rum Mundial na \u00e1rea de investiga\u00e7\u00e3o de inc\u00eandios e explos\u00f5es, organizada pela <i>International Association of Arsons Investigators<\/i> (IAAI), com a participa\u00e7\u00e3o de profissionais de todo o mundo, com o objetivo de troca de conhecimentos, informa\u00e7\u00f5es e experi\u00eancias.<\/p>\t\t\t\t\t\t\t\t<\/div>\n\t\t\t\t<\/div>\n\t\t\t\t\t<\/div>\n\t\t<\/div>\n\t\t\t\t\t<\/div>\n\t\t<\/section>\n\t\t\t\t<section class=\"elementor-section elementor-top-section elementor-element elementor-element-4213af8 elementor-section-boxed elementor-section-height-default elementor-section-height-default wpr-particle-no wpr-jarallax-no wpr-parallax-no wpr-sticky-section-no\" data-id=\"4213af8\" data-element_type=\"section\" data-e-type=\"section\" data-settings=\"{&quot;background_background&quot;:&quot;classic&quot;}\">\n\t\t\t\t\t\t<div class=\"elementor-container elementor-column-gap-default\">\n\t\t\t\t\t<div class=\"elementor-column elementor-col-100 elementor-top-column elementor-element elementor-element-b91b3eb\" data-id=\"b91b3eb\" data-element_type=\"column\" data-e-type=\"column\">\n\t\t\t<div class=\"elementor-widget-wrap elementor-element-populated\">\n\t\t\t\t\t\t<div class=\"elementor-element elementor-element-6f9cbb2 elementor-widget elementor-widget-text-editor\" data-id=\"6f9cbb2\" data-element_type=\"widget\" data-e-type=\"widget\" data-widget_type=\"text-editor.default\">\n\t\t\t\t<div class=\"elementor-widget-container\">\n\t\t\t\t\t\t\t\t\t<p style=\"text-align: justify;\"><strong>18. Participa\u00e7\u00e3o na Confer\u00eancia Latino-Americana de Investiga\u00e7\u00e3o de Inc\u00eandios em Buenos Aires \u2013 Argentina.<\/strong><\/p>\n<p style=\"text-align: justify;\">Em novembro de 2022, ocorreu a 6\u00aa Confer\u00eancia Latino-Americana de Investiga\u00e7\u00e3o de Inc\u00eandios, na Argentina. O Tenente-Coronel&nbsp; Paiva, membro da ABINVI, representou a corpora\u00e7\u00e3o capixaba e foi um dos palestrantes do evento apresentando o trabalho realizado no Esp\u00edrito Santo por meio da palestra \u2018A evolu\u00e7\u00e3o da Investiga\u00e7\u00e3o de Inc\u00eandio no Brasil \u2013 Conhecimento, mudan\u00e7a de cultura e aplica\u00e7\u00e3o do m\u00e9todo cient\u00edfico em casos reais\u2019.<\/p>\n<p style=\"text-align: justify;\">A Confer\u00eancia, organizada pelo Cap\u00edtulo 79 da Associa\u00e7\u00e3o Internacional de Investigadores de Inc\u00eandio, reuniu investigadores de inc\u00eandio de mais de 15 pa\u00edses latino-americanos na cidade de Buenos Aires, Argentina, para debater os avan\u00e7os nas investiga\u00e7\u00f5es e per\u00edcias de inc\u00eandio. O evento foi composto por diversas palestras e cursos te\u00f3ricos e pr\u00e1ticos.<\/p>\n<p style=\"text-align: justify;\">\n<\/p><p style=\"text-align: justify;\"><strong>19. Cria\u00e7\u00e3o da 1\u00ba Certifica\u00e7\u00e3o Nacional de Investiga\u00e7\u00e3o de Inc\u00eandio.<\/strong><\/p>\n<p style=\"text-align: justify;\">A ABINVI\/Cap\u00edtulo 80 (Associa\u00e7\u00e3o Brasileira de Investigadores de Inc\u00eandio), criou a 1\u00aa Certifica\u00e7\u00e3o Nacional de Investiga\u00e7\u00e3o de inc\u00eandio (Investigador de Inc\u00eandio n\u00edvel B\u00e1sico), dando in\u00edcio a uma nova fase da atividade no Brasil, com certifica\u00e7\u00f5es e par\u00e2metros estabelecidos e ordenados para que um profissional possa se qualificar e certificar para desempenhar as investiga\u00e7\u00f5es em locais de inc\u00eandio e explos\u00e3o.<\/p>\t\t\t\t\t\t\t\t<\/div>\n\t\t\t\t<\/div>\n\t\t\t\t\t<\/div>\n\t\t<\/div>\n\t\t\t\t\t<\/div>\n\t\t<\/section>\n\t\t\t\t<section class=\"elementor-section elementor-top-section elementor-element elementor-element-f608b80 elementor-section-boxed elementor-section-height-default elementor-section-height-default wpr-particle-no wpr-jarallax-no wpr-parallax-no wpr-sticky-section-no\" data-id=\"f608b80\" data-element_type=\"section\" data-e-type=\"section\">\n\t\t\t\t\t\t<div class=\"elementor-container elementor-column-gap-default\">\n\t\t\t\t\t<div class=\"elementor-column elementor-col-50 elementor-top-column elementor-element elementor-element-6b0a4fd\" data-id=\"6b0a4fd\" data-element_type=\"column\" data-e-type=\"column\">\n\t\t\t<div class=\"elementor-widget-wrap elementor-element-populated\">\n\t\t\t\t\t\t<div class=\"elementor-element elementor-element-f9b5d0c elementor-widget elementor-widget-heading\" data-id=\"f9b5d0c\" data-element_type=\"widget\" data-e-type=\"widget\" data-widget_type=\"heading.default\">\n\t\t\t\t<div class=\"elementor-widget-container\">\n\t\t\t\t\t<h2 class=\"elementor-heading-title elementor-size-default\">ABINVI no SENABOM<\/h2>\t\t\t\t<\/div>\n\t\t\t\t<\/div>\n\t\t\t\t<div class=\"elementor-element elementor-element-4d0489b elementor-widget elementor-widget-text-editor\" data-id=\"4d0489b\" data-element_type=\"widget\" data-e-type=\"widget\" data-widget_type=\"text-editor.default\">\n\t\t\t\t<div class=\"elementor-widget-container\">\n\t\t\t\t\t\t\t\t\t<p style=\"text-align: justify;\">Desde 2017 a Per\u00edcia de Inc\u00eandio vem obtendo espa\u00e7o no Semin\u00e1rio Nacional de Bombeiros &#8211; SENABOM.\u00a0<\/p><p style=\"text-align: justify;\">E<b>m 2017<\/b>, o Tenente-Coronel BM Scharlyston Martins de Paiva e o Major BM Andr\u00e9 Pimentel Lugon ministraram uma palestra sobre a import\u00e2ncia da atividade de Per\u00edcia de Inc\u00eandio e Explos\u00e3o para o desenvolvimento dos Corpos de Bombeiros Militares no <b>XVII SENABOM<\/b> (Semin\u00e1rio Nacional de Bombeiros) realizado em Jo\u00e3o Pessoa na Para\u00edba em novembro de 2017.<\/p><p style=\"text-align: justify;\">A palestra fez parte do cronograma de eventos do SENABOM que contou com a presen\u00e7a de gestores de seguran\u00e7a p\u00fablica da Para\u00edba e de todo o pa\u00eds. Cerca de quatro mil profissionais e estudantes de todo o Brasil participaram do Semin\u00e1rio Nacional que ainda teve em sua programa\u00e7\u00e3o a apresenta\u00e7\u00e3o de trabalhos cient\u00edficos, palestras, mesas redondas, provas t\u00e9cnicas e uma feira internacional de exposi\u00e7\u00e3o de equipamentos utilizados na preven\u00e7\u00e3o e combate a inc\u00eandios.<\/p><p style=\"text-align: justify;\">No ano seguinte, durante <b>o XVIII SENABOM<\/b>, realizado na cidade de Foz do Igua\u00e7u, no Paran\u00e1, novamente os membros da ABINVI tiveram participa\u00e7\u00e3o marcante. No evento, cujo tema foi \u201cCompartilhando Conhecimento na Prote\u00e7\u00e3o de Vidas e do Meio Ambiente\u201d, foram apresentados tr\u00eas artigos cient\u00edficos.<\/p><p style=\"text-align: justify;\">As apresenta\u00e7\u00f5es foram realizadas pelo TC Paiva, Maj\u00a0 Lugon e\u00a0 1\u00ba Ten Cunha.<\/p><p style=\"text-align: justify;\">Os temas abordados foram a \u201cInvestiga\u00e7\u00e3o Experimental e Modelagem da Dispers\u00e3o Utilizando Fire Dynamics Simulator (FDS) para um Vazamento Acidental de GLP\u201d, o \u201cEstudo das Causas e Consequ\u00eancias dos Curtos-Circuitos Residenciais: Uma Revis\u00e3o de Procedimentos para auxiliar a Investiga\u00e7\u00e3o de Inc\u00eandio\u201d, o \u201cM\u00e9todo Cient\u00edfico na Investiga\u00e7\u00e3o de Inc\u00eandios e Explos\u00f5es: Um Estudo de caso no CBMES\u201d.<\/p><p style=\"text-align: justify;\">N<b>o ano de 2019, no XVIX SENABOM,<\/b> realizado na cidade de S\u00e3o Luiz, no Maranh\u00e3o, o Tenente-Coronel Paiva apresentou o artigo com a Tema: \u201cPer\u00edcia de Inc\u00eandio: uma solu\u00e7\u00e3o para o conflito de compet\u00eancia entre os Corpos de Bombeiros Militares e as Pol\u00edcias Cient\u00edficas\u201d, artigo elaborado em parceria com o Maj Lugon e com o Cap Cunha.<\/p><p style=\"text-align: justify;\">J<b>\u00e1 em 2022, <\/b>entre os dias 18, 19 e 20 de outubro, aconteceu no Expo S\u00e3o Paulo, na Cidade de S\u00e3o Paulo o<b> XX SENABOM<\/b>, ap\u00f3s 02 anos sem a realiza\u00e7\u00e3o, devido a pandemia da COVID-19.<\/p><p style=\"text-align: justify;\">O XX SENABOM que contou com delega\u00e7\u00f5es e comandantes-gerais dos Corpos de Bombeiros de todos os Estados do Brasil teve por objetivo o incentivo \u00e0 produ\u00e7\u00e3o e acesso ao conhecimento fomentado pelos trabalhos acad\u00eamicos; o acesso \u00e0s novas tecnologias utilizadas para a Seguran\u00e7a Contra inc\u00eandio e emerg\u00eancias e a troca de experi\u00eancia entre organiza\u00e7\u00f5es governamentais e n\u00e3o governamentais que tem como foco a nobre miss\u00e3o de Salvar vidas.<\/p><p style=\"text-align: justify;\">Durante os dias do evento, somaram-se 54 horas de palestras cient\u00edficas e workshops, com convidados t\u00e9cnicos e especialistas em pain\u00e9is tem\u00e1ticos, rodadas de neg\u00f3cios, audi\u00eancia de 3450 pessoas, reuni\u00f5es dos Comit\u00eas tem\u00e1ticos do Conselho Nacional dos Corpos de Bombeiros Militares (LIGABOM) al\u00e9m dos expositores nas feiras: FISP \u2013 Feira Internacional de Seguran\u00e7a e Prote\u00e7\u00e3o e <i>Fire Show<\/i> \u2013 <i>Internacional Fire Fair.<\/i><\/p><p style=\"text-align: justify;\">A convite do Corpo de Bombeiros de S\u00e3o Paulo o Tenente-Coronel Paiva e o Major Lugon palestraram no evento com o tema: \u201cA import\u00e2ncia da Investiga\u00e7\u00e3o, Pesquisa e Preven\u00e7\u00e3o de Inc\u00eandios para os Sistemas de Seguran\u00e7a Contra Inc\u00eandios e Emerg\u00eancias.<\/p><p style=\"text-align: justify;\">A participa\u00e7\u00e3o nesses eventos demonstrou uma importante a\u00e7\u00e3o dentro do foco priorit\u00e1rio de permanente capacita\u00e7\u00e3o, treinamento e valoriza\u00e7\u00e3o do p\u00fablico interno do CBMES. A\u00e7\u00f5es que comp\u00f5em o Planejamento Estrat\u00e9gico da Institui\u00e7\u00e3o.\u00a0<\/p><p style=\"text-align: justify;\">E<b>m 2023, <\/b>na Cidade de Gramado, na serra ga\u00facha\u00a0 tamb\u00e9m houve a participa\u00e7\u00e3o dos membros da ABINV no <b>SENABOM<\/b> que teve a sua edi\u00e7\u00e3o de numero <b>XXI.\u00a0<\/b>\u00a0No evento, o Cel Paiva ministrou a palestra: A Per\u00edcia de Inc\u00eandio nos Corpos de Bombeiros Militares &#8220;Investigar para Prevenir&#8221;.<\/p><p style=\"text-align: justify;\">Em 2025 o Semin\u00e1rio Nacional de Bombeiros mudou de nome, passando a se chamar CONABOM (Congresso Nacional de Bombeiros).\u00a0 Mais uma vez a ABINVI se fez presente com seu Presidente que palestrou sobre o tema: Como a Investiga\u00e7ao de Incendio fortalece a gestao de riscos e desastres.<\/p>\t\t\t\t\t\t\t\t<\/div>\n\t\t\t\t<\/div>\n\t\t\t\t\t<\/div>\n\t\t<\/div>\n\t\t\t\t<div class=\"elementor-column elementor-col-50 elementor-top-column elementor-element elementor-element-57c99e0\" data-id=\"57c99e0\" data-element_type=\"column\" data-e-type=\"column\">\n\t\t\t<div class=\"elementor-widget-wrap elementor-element-populated\">\n\t\t\t\t\t\t<div class=\"elementor-element elementor-element-5a97a5d elementor-widget elementor-widget-heading\" data-id=\"5a97a5d\" data-element_type=\"widget\" data-e-type=\"widget\" data-widget_type=\"heading.default\">\n\t\t\t\t<div class=\"elementor-widget-container\">\n\t\t\t\t\t<h2 class=\"elementor-heading-title elementor-size-default\">ABINVI no SENAPI<\/h2>\t\t\t\t<\/div>\n\t\t\t\t<\/div>\n\t\t\t\t<div class=\"elementor-element elementor-element-40dfc69 elementor-widget elementor-widget-text-editor\" data-id=\"40dfc69\" data-element_type=\"widget\" data-e-type=\"widget\" data-widget_type=\"text-editor.default\">\n\t\t\t\t<div class=\"elementor-widget-container\">\n\t\t\t\t\t\t\t\t\t<p style=\"text-align: justify;\"><strong>1\u00ba SENAPI &#8211; 2022 &#8211; Vit\u00f3ria, ES<\/strong><\/p><p style=\"text-align: justify;\">Nos dias 23, 24 e 25\u00a0 de Mar\u00e7o de 2022 ocorreu no Hotel SENAC Ilha do Boi na Cidade de Vitoria-ES o 1 Semin\u00e1rio Nacional de Pericia em Inc\u00eandios \u2013 SENAPI e a 1a Conferencia de Treinamento do Capitulo 80 &#8211; ABINVI, em parceria com o CBMES, LIGABOM e SENASP.<\/p><p style=\"text-align: justify;\">O SENAPI \u00e9 o maior evento de Per\u00edcia em Inc\u00eandios e explos\u00f5es do Brasil e contou com palestrantes do Brasil, Estados Unidos, M\u00e9xico e Guatemala, com a abordagem de cases hist\u00f3ricos de inc\u00eandios ocorridos no Brasil, bem como, de importantes temas de interesse para os profissionais dos Corpos de Bombeiros e peritos de outras Corpora\u00e7\u00f5es.<\/p><p style=\"text-align: justify;\">O evento possibilitou o aprimoramento das atividades referentes \u00e0 Seguran\u00e7a Contra Inc\u00eandio desenvolvidas pelos Corpos de Bombeiros, especificamente no que se refere \u00e0 Investiga\u00e7\u00e3o e pesquisa de inc\u00eandio, \u00e1rea fundamental para o progresso das a\u00e7\u00f5es de Preven\u00e7\u00e3o destinadas a Salvar Vidas, evitar danos patrimoniais e proteger o meio ambiente.<\/p><p style=\"text-align: justify;\"><strong>2\u00ba SENAPI &#8211; 2023 &#8211; Brasilia, DF<\/strong><\/p><p>O 2\u00ba SENAPI foi realizado na Cidade de Bras\u00edlia \u2013 DF, nos dias 29, 30 e 31 de agosto e 1\u00ba de setembro\u00a0 de 2023, conjuntamente com o\u00a0 1\u00ba Semin\u00e1rio Internacional de Investiga\u00e7\u00e3o de Inc\u00eandios, em comemora\u00e7\u00e3o aos 50 anos da atividade no Corpo de Bombeiros Militar do Distrito Federal.<br \/><br \/>Foram quatro dias intensos de evento, com participantes de v\u00e1rios Estados Brasileiros e palestras ministradas por especialistas da \u00e1rea da investiga\u00e7\u00e3o, pesquisa e preven\u00e7\u00e3o de inc\u00eandios, tanto no cen\u00e1rio nacional quanto internacional.<\/p><p style=\"text-align: justify;\"><strong>3\u00ba SENAPI &#8211; 2024 &#8211; Vit\u00f3ria, ES<\/strong><\/p><p style=\"text-align: justify;\">O maior evento de Per\u00edcia de Inc\u00eandio do Brasil teve sua 3\u00ba edi\u00e7\u00e3o realizada nos dias 4, 5 e 6 de setembro de 2024, no HOTEL SENAC \u2013 ILHA DO BOI, novamente na cidade de\u00a0 Vit\u00f3ria \u2013 ES<br \/><br \/>Importantes nomes da Investiga\u00e7\u00e3o de Inc\u00eandio mundial se reuniram para compartilhar conhecimentos com Bombeiros Militares, Peritos Forenses e demais profissionais da \u00e1rea da investiga\u00e7\u00e3o de inc\u00eandio.<br \/><br \/>O evento contou ainda com o apoio da LIGABOM (Conselho Nacional dos Corpos de Bombeiros do Brasil), da IAAI &#8211; International Association of Arson Investigators, Associa\u00e7\u00e3o internacional que capacita e certifica peritos em inc\u00eandio de todo o mundo e a ABINVI \u2013 Associa\u00e7\u00e3o Brasileira de Investigadores de Inc\u00eandio \u00a0que contempla o Capitulo 80 (Sucursal Brasileira da IAAI).<\/p><p>O 3\u00ba SENAPI ficou marcado pela intera\u00e7\u00e3o entre profissionais de 26 Unidades da Federa\u00e7\u00e3o e 05 diferentes pa\u00edses debatendo a import\u00e2ncia do tema, tanto para a melhoria cont\u00ednua da atividade de seguran\u00e7a contra inc\u00eandio dos corpos de bombeiros, como para o aprimoramento t\u00e9cnico-profissional dos policiais forenses e dos especialistas em seguran\u00e7a.<\/p><p><strong>4\u00ba SENAPI &#8211; 2025 &#8211; Belo Horizonte, MG<\/strong><\/p><p>Nos dias 6, 7 e 8 de Maio de 2025 ocorreu o\u00a0 ECOBOM em Belo Horizonte &#8211; MG, um mega Evento que organizado pelo Corpo de Bombeiros Militar de Minas Gerais.<br \/><br \/>O 4\u00ba SENAPI (Semin\u00e1rio Nacional de Per\u00edcia em Inc\u00eandio) foi um dos eventos que aconteceram dentro do ECOBOM.<br \/><br \/>O maior Semin\u00e1rio Brasileiro na tem\u00e1tica da investiga\u00e7\u00e3o de inc\u00eandios voltado para Bombeiros Militares, policiais forenses e profissionais da \u00e1rea da seguran\u00e7a contra inc\u00eandio foi composto por palestras realizadas por profissionais \u201crefer\u00eancia\u201d no Brasil e na Am\u00e9rica Latina e instru\u00e7\u00f5es pr\u00e1ticas sobre novas tecnologias.<\/p><p><br \/><strong>5\u00ba SENAPI &#8211; 2027 &#8211; Sao Paulo, SP<br \/><\/strong><\/p><p>A proxima edi\u00e7\u00e3o do evento, que acontecera bienalmente ser\u00e1 na cidade de Sao Paulo, SP.<\/p><p>As datas, o local e a programa\u00e7\u00e3o ser\u00e3o ainda definidas.<\/p><p>\u00a0<\/p><p>\u00a0<\/p>\t\t\t\t\t\t\t\t<\/div>\n\t\t\t\t<\/div>\n\t\t\t\t\t<\/div>\n\t\t<\/div>\n\t\t\t\t\t<\/div>\n\t\t<\/section>\n\t\t\t\t<section class=\"elementor-section elementor-top-section elementor-element elementor-element-31c5136 elementor-section-boxed elementor-section-height-default elementor-section-height-default wpr-particle-no wpr-jarallax-no wpr-parallax-no wpr-sticky-section-no\" data-id=\"31c5136\" data-element_type=\"section\" data-e-type=\"section\" data-settings=\"{&quot;background_background&quot;:&quot;gradient&quot;,&quot;shape_divider_top&quot;:&quot;opacity-fan&quot;}\">\n\t\t\t\t\t<div class=\"elementor-shape elementor-shape-top\" aria-hidden=\"true\" data-negative=\"false\">\n\t\t\t<svg xmlns=\"http:\/\/www.w3.org\/2000\/svg\" viewBox=\"0 0 283.5 19.6\" preserveAspectRatio=\"none\">\n\t<path class=\"elementor-shape-fill\" style=\"opacity:0.33\" d=\"M0 0L0 18.8 141.8 4.1 283.5 18.8 283.5 0z\"\/>\n\t<path class=\"elementor-shape-fill\" style=\"opacity:0.33\" d=\"M0 0L0 12.6 141.8 4 283.5 12.6 283.5 0z\"\/>\n\t<path class=\"elementor-shape-fill\" style=\"opacity:0.33\" d=\"M0 0L0 6.4 141.8 4 283.5 6.4 283.5 0z\"\/>\n\t<path class=\"elementor-shape-fill\" d=\"M0 0L0 1.2 141.8 4 283.5 1.2 283.5 0z\"\/>\n<\/svg>\t\t<\/div>\n\t\t\t\t\t<div class=\"elementor-container elementor-column-gap-default\">\n\t\t\t\t\t<div class=\"elementor-column elementor-col-100 elementor-top-column elementor-element elementor-element-56d43d0\" data-id=\"56d43d0\" data-element_type=\"column\" data-e-type=\"column\">\n\t\t\t<div class=\"elementor-widget-wrap\">\n\t\t\t\t\t\t\t<\/div>\n\t\t<\/div>\n\t\t\t\t\t<\/div>\n\t\t<\/section>\n\t\t\t\t<section class=\"elementor-section elementor-top-section elementor-element elementor-element-7ca1cf1 elementor-section-boxed elementor-section-height-default elementor-section-height-default wpr-particle-no wpr-jarallax-no wpr-parallax-no wpr-sticky-section-no\" data-id=\"7ca1cf1\" data-element_type=\"section\" data-e-type=\"section\" data-settings=\"{&quot;background_background&quot;:&quot;gradient&quot;,&quot;shape_divider_top&quot;:&quot;opacity-fan&quot;}\">\n\t\t\t\t\t<div class=\"elementor-shape elementor-shape-top\" aria-hidden=\"true\" data-negative=\"false\">\n\t\t\t<svg xmlns=\"http:\/\/www.w3.org\/2000\/svg\" viewBox=\"0 0 283.5 19.6\" preserveAspectRatio=\"none\">\n\t<path class=\"elementor-shape-fill\" style=\"opacity:0.33\" d=\"M0 0L0 18.8 141.8 4.1 283.5 18.8 283.5 0z\"\/>\n\t<path class=\"elementor-shape-fill\" style=\"opacity:0.33\" d=\"M0 0L0 12.6 141.8 4 283.5 12.6 283.5 0z\"\/>\n\t<path class=\"elementor-shape-fill\" style=\"opacity:0.33\" d=\"M0 0L0 6.4 141.8 4 283.5 6.4 283.5 0z\"\/>\n\t<path class=\"elementor-shape-fill\" d=\"M0 0L0 1.2 141.8 4 283.5 1.2 283.5 0z\"\/>\n<\/svg>\t\t<\/div>\n\t\t\t\t\t<div class=\"elementor-container elementor-column-gap-default\">\n\t\t\t\t\t<div class=\"elementor-column elementor-col-50 elementor-top-column elementor-element elementor-element-0c51508\" data-id=\"0c51508\" data-element_type=\"column\" data-e-type=\"column\">\n\t\t\t<div class=\"elementor-widget-wrap elementor-element-populated\">\n\t\t\t\t\t\t<div class=\"elementor-element elementor-element-6e6a383 elementor-widget elementor-widget-heading\" data-id=\"6e6a383\" data-element_type=\"widget\" data-e-type=\"widget\" data-widget_type=\"heading.default\">\n\t\t\t\t<div class=\"elementor-widget-container\">\n\t\t\t\t\t<h2 class=\"elementor-heading-title elementor-size-default\">Gest\u00e3o 2026 - 2027<\/h2>\t\t\t\t<\/div>\n\t\t\t\t<\/div>\n\t\t\t\t<div class=\"elementor-element elementor-element-1443d0e elementor-widget elementor-widget-text-editor\" data-id=\"1443d0e\" data-element_type=\"widget\" data-e-type=\"widget\" data-widget_type=\"text-editor.default\">\n\t\t\t\t<div class=\"elementor-widget-container\">\n\t\t\t\t\t\t\t\t\t<p style=\"text-align: justify;\">A gest\u00e3o 2026 \u2013 2027 do Cap\u00edtulo 80 &#8211; IAAI-Brasil, bem como da ABINVI est\u00e1 nas m\u00e3os do Capitao RR Joathan Rodrigues do Estado do Espirito Santo,\u00a0tendo como\u00a0 Vice-Presidente o Engenheiro Adriano Cirilo do Estado de Minas Gerais<\/p>\t\t\t\t\t\t\t\t<\/div>\n\t\t\t\t<\/div>\n\t\t\t\t\t<\/div>\n\t\t<\/div>\n\t\t\t\t<div class=\"elementor-column elementor-col-50 elementor-top-column elementor-element elementor-element-d791c95\" data-id=\"d791c95\" data-element_type=\"column\" data-e-type=\"column\">\n\t\t\t<div class=\"elementor-widget-wrap elementor-element-populated\">\n\t\t\t\t\t\t<div class=\"elementor-element elementor-element-e8bd8e5 elementor-widget elementor-widget-heading\" data-id=\"e8bd8e5\" data-element_type=\"widget\" data-e-type=\"widget\" data-widget_type=\"heading.default\">\n\t\t\t\t<div class=\"elementor-widget-container\">\n\t\t\t\t\t<h2 class=\"elementor-heading-title elementor-size-default\">Sede<\/h2>\t\t\t\t<\/div>\n\t\t\t\t<\/div>\n\t\t\t\t<div class=\"elementor-element elementor-element-ec6f6ba elementor-widget elementor-widget-text-editor\" data-id=\"ec6f6ba\" data-element_type=\"widget\" data-e-type=\"widget\" data-widget_type=\"text-editor.default\">\n\t\t\t\t<div class=\"elementor-widget-container\">\n\t\t\t\t\t\t\t\t\t<p style=\"text-align: justify;\">Atualmente a sede administrativa da Associa\u00e7ao\u00a0 brasileira de investigadores de Inc\u00eandio se localiza na cidade de Vit\u00f3ria, Esp\u00edrito Santo, Brasil, sito \u00e0 Avenida Governador Bley\u00a0155 &#8211; Centro, Vit\u00f3ria &#8211; ES, 29010-150<\/p>\t\t\t\t\t\t\t\t<\/div>\n\t\t\t\t<\/div>\n\t\t\t\t\t<\/div>\n\t\t<\/div>\n\t\t\t\t\t<\/div>\n\t\t<\/section>\n\t\t\t\t<section class=\"elementor-section elementor-top-section elementor-element elementor-element-6a40a7d elementor-section-boxed elementor-section-height-default elementor-section-height-default wpr-particle-no wpr-jarallax-no wpr-parallax-no wpr-sticky-section-no\" data-id=\"6a40a7d\" data-element_type=\"section\" data-e-type=\"section\">\n\t\t\t\t\t\t<div class=\"elementor-container elementor-column-gap-default\">\n\t\t\t\t\t<div class=\"elementor-column elementor-col-100 elementor-top-column elementor-element elementor-element-cbfe2a4\" data-id=\"cbfe2a4\" data-element_type=\"column\" data-e-type=\"column\">\n\t\t\t<div class=\"elementor-widget-wrap elementor-element-populated\">\n\t\t\t\t\t\t<div class=\"elementor-element elementor-element-4c6fe2a elementor-widget-tablet__width-initial elementor-widget-mobile__width-initial elementor-widget elementor-widget-google_maps\" data-id=\"4c6fe2a\" data-element_type=\"widget\" data-e-type=\"widget\" data-widget_type=\"google_maps.default\">\n\t\t\t\t<div class=\"elementor-widget-container\">\n\t\t\t\t\t\t\t<div class=\"elementor-custom-embed\">\n\t\t\t<iframe loading=\"lazy\"\n\t\t\t\t\tsrc=\"https:\/\/maps.google.com\/maps?q=avenida%20Governador%20Bley%2C%20155%2C%20centro%2C%20Vit%C3%B3ria%20ES%2C%20cep%2029010150&#038;t=m&#038;z=15&#038;output=embed&#038;iwloc=near\"\n\t\t\t\t\ttitle=\"avenida Governador Bley, 155, centro, Vit\u00f3ria ES, cep 29010150\"\n\t\t\t\t\taria-label=\"avenida Governador Bley, 155, centro, Vit\u00f3ria ES, cep 29010150\"\n\t\t\t><\/iframe>\n\t\t<\/div>\n\t\t\t\t\t\t<\/div>\n\t\t\t\t<\/div>\n\t\t\t\t\t<\/div>\n\t\t<\/div>\n\t\t\t\t\t<\/div>\n\t\t<\/section>\n\t\t\t\t<\/div>\n\t\t","protected":false},"excerpt":{"rendered":"<p>Como surgiu a ABINVI? 1. Instala\u00e7\u00e3o e in\u00edcio das atividades do CDA de Per\u00edcia de Inc\u00eandio e Explos\u00e3o no CBMES. No ano de 2010, 02 oficiais peritos do Corpo de Bombeiros Militar do Estado do Espirito Santo, o ent\u00e3o Major Scharlyston Martins de Paiva e o Cap Andr\u00e9 Pimentel Lugon decidiram criar um comit\u00ea de apaixonados pela tem\u00e1tica da investiga\u00e7\u00e3o de inc\u00eandio para avaliar melhor os trabalhos que estavam sendo desenvolvidos e consequentemente aprimorar as atividades no \u00c2mbito da Corpora\u00e7\u00e3o. Desse modo, o Comit\u00ea de Desenvolvimento de Atividades de Per\u00edcia de Inc\u00eandio, ou simplesmente CDA de Per\u00edcia, como foi chamado, iniciou os trabalhos com a elabora\u00e7\u00e3o de um planejamento que partia de um diagn\u00f3stico, passando por um benchmarking no Brasil e no Exterior. Cap. Andr\u00e9 Pimentel Lugon e Capit\u00e3o Pedro Dalvi Boina em visita ao CBMDF (2012) 2. In\u00edcio das a\u00e7\u00f5es de Benchmarking nacional e internacional sobre a tem\u00e1tica da Per\u00edcia de Inc\u00eandio e Explos\u00e3o. No ano de 2012 foi dado in\u00edcio ao projeto de benchmarking nacional e internacional a fim de adquirir conhecimentos e trazer para o CBMES o que havia de mais moderno na \u00e1rea de per\u00edcia de inc\u00eandio. No Brasil foram visitados os Corpos de Bombeiros do Distrito Federal,\u00a0 Santa Catarina e\u00a0 S\u00e3o Paulo, al\u00e9m da Pol\u00edcia T\u00e9cnico-cient\u00edfica do Estado de S\u00e3o Paulo. Internacionalmente foram realizadas as seguintes atividades: a) Participa\u00e7\u00e3o no ISFI (International Symposium of Fire Investigation Science and Technology) na Universidade de Maryland \u2013 Nos Estados Unidos da Am\u00e9rica; b) Visita t\u00e9cnica ao NY Fire Department na Cidade de Nova York \u2013 EUA. Participaram da miss\u00e3o o Tenente-Coronel BM Alexandre dos Santos Cerqueira, o Major BM Scharlyston Martins de Paiva, o Major BM Rodrigo Nascimento Ribeiro Alves e o Capit\u00e3o BM Pedro Dalvi Boina. \u00a0 3. Associa\u00e7\u00e3o de 03 oficiais \u00e0 IAAI (International Association of Arson Investigators). No ano de 2013 o Tenente-Coronel BM Alexandre dos Santos Cerqueira, o Major BM Scharlyston Martins de Paiva e o Capit\u00e3o BM Andr\u00e9 Pimentel Lugon, peritos de inc\u00eandio da Corpora\u00e7\u00e3o se tornaram os primeiros oficiais do Brasil a se filiarem a Organiza\u00e7\u00e3o Internacional. \u00a0 Ten Cel Scharlyston Paiva e Maj Lugon recebendo a Certifica\u00e7\u00e3o IAAI-FIT das m\u00e3os do Diretor Ricardo Torres durante o ITC de Las Vegas &#8211; Nevada em 2015 4. Participa\u00e7\u00e3o na ITC (International training and Conference) na Fl\u00f3rida, nos Estados Unidos da Am\u00e9rica. Em abril de 2013 o TC Cerqueira, O Maj Paiva e o Cap Lugon, peritos de inc\u00eandio do CBMES participaram da maior Confer\u00eancia de treinamento do mundo a International Training and Conference na cidade de Orlando, FL \u2013 e realizaram a visita T\u00e9cnica no Orlando Bomb Squad, Unidade especializada em Investiga\u00e7\u00e3o de Inc\u00eandio e explos\u00e3o do Corpo de Bombeiros da cidade de Orlando. 5. Participa\u00e7\u00e3o na ITC (International training and Conference) na Cidade de Las Vegas, no Estado de Nevada &#8211; nos Estados Unidos da Am\u00e9rica e realiza\u00e7\u00e3o do Curso \u201cFundamentals of Fire Investigation&#8221; Em maio de 2014, novamente o os tres oficiais do CBMES participaram do ITC, Dessa vez, na cidade de Las Vegas, em Nevada, \u2013 EUA e realizaram a visita T\u00e9cnica no Clark County Fire Department. 6. Participa\u00e7\u00e3o na ITC (International training and Conference) e visita ao Chicago Fire Department e laborat\u00f3rio UL no Estado de Illinois &#8211; nos Estados Unidos da Am\u00e9rica. Em maio de 2015 o TC Paiva e o Maj Lugon,\u00a0 participaram do ITC na cidade de Chicago, IL \u2013 EUA, fizeram parte do Curso \u201cBurn to Learn\u201d e realizaram visitas t\u00e9cnicas no Chicago Fire Departament e Laborat\u00f3rio de Pesquisas de Inc\u00eandio UL em companhia dos oficiais do Corpo de Bombeiros Militar do Distrito Federal, TC George Cajaty e MAj Thiago Jhon. \u00a0 7. Certifica\u00e7\u00e3o &#8211; Fire Investigation Technician (IAAI-FIT). Ainda durante o ITC de Chicago em 2015, o TC Paiva e o Maj Lugon receberam das m\u00e3os do Diretor da IAAI Ricardo Damian Torres a Certifica\u00e7\u00e3o IAAI-FIT (Fire Inestigation Technician) ap\u00f3s a aprova\u00e7\u00e3o em exame intelectual. 8. Participa\u00e7\u00e3o na ITC (International training and Conference) na Fl\u00f3rida, nos Estados Unidos da Am\u00e9rica. Em 2016, no m\u00eas de abril mais uma vez houve a participa\u00e7\u00e3o no ITC do TC Paiva e do Maj Lugon, novamente na cidade de Orlando, FL \u2013 EUA e pela primeira vez os Peritos fizeram uma apresenta\u00e7\u00e3o ao Board of Directors acerca do in\u00edcio da jornada rumo a evolu\u00e7\u00e3o da Investiga\u00e7\u00e3o de Inc\u00eandio no Brasil. 9. Certifica\u00e7\u00e3o\u00a0 &#8211;\u00a0\u00a0Certified Instructor (IAAI-CI). No evento do ITC os Perito ainda adquiriam a segunda Certifica\u00e7\u00e3o ap\u00f3s a aprova\u00e7ao em exame intelectual. A certifica\u00e7\u00e3o de Instrutor Internacional concedida pela IAAI credita ao seu detentor um excelente n\u00edvel de conhecimento intelectual e profissional, bem como habilidades como instrutor nas atividades relacionadas a inc\u00eandios, particularmente no que se refere \u00e0s investiga\u00e7\u00f5es de inc\u00eandio e explos\u00e3o e credencia o possuidor da certifica\u00e7\u00e3o a ministrar instru\u00e7\u00f5es em todo o mundo. Ten Cel Scharlyston Paiva e Maj Lugon recebendo a premia\u00e7\u00e3o \u201cAlward Of Recognition\u201d durante o ITC de Chicago-EUA em 2015 10. Participa\u00e7\u00e3o na ITC (International training and Conference) em Las Vegas, no Estado de Nevada &#8211; nos Estados Unidos da Am\u00e9rica e premia\u00e7\u00e3o \u201cAward of Recognition\u201d. No ano seguinte, 2017, no m\u00eas de maio, o TC Paiva, e o MajLugon,\u00a0 participaram pela 5\u00aa vez do\u00a0International Training and Conference, mais uma vez\u00a0na cidade de Las Vegas, NV \u2013 EUA e realizaram a visita T\u00e9cnica no Clark County Fire Department. Na ocasi\u00e3o foi concedido o premio AWARD OF RECOGNITION aos Investigadores de Inc\u00eandio, pelos bons servi\u00e7os prestados a comunidade de investiga\u00e7\u00e3o de inc\u00eandio mundial. Ten Cel Scharlyston Paiva assinando a documenta\u00e7\u00e3o de cria\u00e7\u00e3o do cap\u00edtulo 80 durante o ITC de Las Vegas &#8211; EUA em 2017. Lan\u00e7amento oficial do cap\u00edtulo 80 no Brasil. Cerim\u00f4nia feita do audit\u00f3rio do HPM em novembro de 2017. Na Foto, TC Paiva e Maj Lugon acompanhados do Cel D\u2019Isep, Comandante-geral do CBMES, Cel Calheira, ex-Comandante-geral e Sr Tarc\u00edsio, representante da FINDES. 11. Cria\u00e7\u00e3o do Cap\u00edtulo 80 da Associa\u00e7\u00e3o Internacional de Investigadores de inc\u00eandio (IAAI) no Brasil. Finalmente, em maio de 2017, durante o ITC (International training and Conference)<\/p>\n","protected":false},"author":1,"featured_media":0,"parent":0,"menu_order":0,"comment_status":"closed","ping_status":"closed","template":"","meta":{"footnotes":""},"class_list":["post-206","page","type-page","status-publish","hentry"],"_links":{"self":[{"href":"https:\/\/abinvi.com.br\/novo\/wp-json\/wp\/v2\/pages\/206","targetHints":{"allow":["GET"]}}],"collection":[{"href":"https:\/\/abinvi.com.br\/novo\/wp-json\/wp\/v2\/pages"}],"about":[{"href":"https:\/\/abinvi.com.br\/novo\/wp-json\/wp\/v2\/types\/page"}],"author":[{"embeddable":true,"href":"https:\/\/abinvi.com.br\/novo\/wp-json\/wp\/v2\/users\/1"}],"replies":[{"embeddable":true,"href":"https:\/\/abinvi.com.br\/novo\/wp-json\/wp\/v2\/comments?post=206"}],"version-history":[{"count":401,"href":"https:\/\/abinvi.com.br\/novo\/wp-json\/wp\/v2\/pages\/206\/revisions"}],"predecessor-version":[{"id":2749,"href":"https:\/\/abinvi.com.br\/novo\/wp-json\/wp\/v2\/pages\/206\/revisions\/2749"}],"wp:attachment":[{"href":"https:\/\/abinvi.com.br\/novo\/wp-json\/wp\/v2\/media?parent=206"}],"curies":[{"name":"wp","href":"https:\/\/api.w.org\/{rel}","templated":true}]}}